{"id":1068,"date":"2016-02-24T16:56:13","date_gmt":"2016-02-24T15:56:13","guid":{"rendered":"https:\/\/www.globalong.com\/blog\/?page_id=1068"},"modified":"2022-05-06T08:45:32","modified_gmt":"2022-05-06T06:45:32","slug":"nepal-maleka","status":"publish","type":"page","link":"https:\/\/www.vita-explorers.dk\/blog\/anmeldelser-oplevelser-vita\/nepal-maleka\/","title":{"rendered":"Nepal &#8211; Mal\u00e9ka"},"content":{"rendered":"<p class=\"p1\" style=\"text-align: center;\"><span style=\"color: #b81657;\"><strong><span class=\"s1\">Oplevelser fra Mal\u00e9ka, deltager med VITA i Nepal<\/span><\/strong><\/span><\/p>\n<p class=\"p1\" style=\"text-align: justify;\"><span class=\"s1\"><a href=\"https:\/\/www.vita-explorers.dk\/blog\/wp-content\/uploads\/2016\/02\/320231_215627395168407_614085392_n.jpg\"><img loading=\"lazy\" decoding=\"async\" class=\"size-medium wp-image-1069 aligncenter\" src=\"https:\/\/www.vita-explorers.dk\/blog\/wp-content\/uploads\/2016\/02\/320231_215627395168407_614085392_n-300x225.jpg\" alt=\"320231_215627395168407_614085392_n\" width=\"300\" height=\"225\" srcset=\"https:\/\/www.vita-explorers.dk\/blog\/wp-content\/uploads\/2016\/02\/320231_215627395168407_614085392_n-300x225.jpg 300w, https:\/\/www.vita-explorers.dk\/blog\/wp-content\/uploads\/2016\/02\/320231_215627395168407_614085392_n-150x113.jpg 150w, https:\/\/www.vita-explorers.dk\/blog\/wp-content\/uploads\/2016\/02\/320231_215627395168407_614085392_n.jpg 960w\" sizes=\"(max-width: 300px) 100vw, 300px\" \/><\/a>Jeg tog med VITA til <span style=\"text-decoration: underline;\"><span style=\"color: #800000; text-decoration: underline;\"><a style=\"color: #800000; text-decoration: underline;\" href=\"https:\/\/www.vita-explorers.dk\/frivilligt-arbejde\/frivilligt-arbejde-i-nepal.html\" target=\"_blank\" rel=\"noopener\">Nepal<\/a><\/span><\/span> i en m\u00e5ned. Jeg brugte introduktionsugen i Lazimpath hos Arjun, den lokale koordinator, og derefter tre uger sammen med b\u00f8rnene i b\u00f8rnecentret i Patan.<\/span><\/p>\n<p class=\"p1\" style=\"text-align: justify;\"><span class=\"s1\"> Hvorfor jeg gerne ville afsted? Det ved jeg ikke helt \u2013 jeg tror, der var flere grunde\u2026 Jeg er allerede frivillig i en organisation, der st\u00f8tter b\u00f8rn, men jeg er ikke i direkte kontakt med b\u00f8rnene (de bor p\u00e5 en anden \u00f8). Jeg ville gerne bruge min ferie p\u00e5 at opleve nye omgivelser og en ny kultur \u2013 og samtidig v\u00e6re sammen med b\u00f8rn og kunne bruge tid med dem. <\/span><\/p>\n<p class=\"p1\" style=\"text-align: justify;\"><span class=\"s1\"><a href=\"https:\/\/www.vita-explorers.dk\/blog\/wp-content\/uploads\/2016\/02\/387997_246400725424407_958343738_n.jpg\"><img loading=\"lazy\" decoding=\"async\" class=\"size-medium wp-image-1070 aligncenter\" src=\"https:\/\/www.vita-explorers.dk\/blog\/wp-content\/uploads\/2016\/02\/387997_246400725424407_958343738_n-300x199.jpg\" alt=\"387997_246400725424407_958343738_n\" width=\"300\" height=\"199\" srcset=\"https:\/\/www.vita-explorers.dk\/blog\/wp-content\/uploads\/2016\/02\/387997_246400725424407_958343738_n-300x199.jpg 300w, https:\/\/www.vita-explorers.dk\/blog\/wp-content\/uploads\/2016\/02\/387997_246400725424407_958343738_n-150x99.jpg 150w, https:\/\/www.vita-explorers.dk\/blog\/wp-content\/uploads\/2016\/02\/387997_246400725424407_958343738_n.jpg 960w\" sizes=\"(max-width: 300px) 100vw, 300px\" \/><\/a>Helt \u00e6rligt havde jeg ingen s\u00e6rlige forventninger. Jeg vidste bare, at jeg ville l\u00e6re en masse og f\u00e5 meget varme og omsorg \u2013 og det gjorde jeg!<\/span><\/p>\n<p class=\"p1\" style=\"text-align: justify;\"><span class=\"s1\">Hele perioden gik rigtig godt. Jeg var sammen med Bikram hver morgen uden undtagelse for at l\u00e6re det grundl\u00e6ggende i nepali. Derudover var han altid tilg\u00e6ngelig, og jeg vidste, at jeg kunne regne med ham, hvis jeg fik brug for hj\u00e6lp. Han var b\u00e5de venlig og meget \u00e5bensindet \u2013 og samtidig helt igennem professionel. <\/span><\/p>\n<p class=\"p1\" style=\"text-align: justify;\"><span class=\"s1\"><a href=\"https:\/\/www.vita-explorers.dk\/blog\/wp-content\/uploads\/2016\/02\/Il-fait-froid.jpg\"><img loading=\"lazy\" decoding=\"async\" class=\"wp-image-1071 aligncenter\" src=\"https:\/\/www.vita-explorers.dk\/blog\/wp-content\/uploads\/2016\/02\/Il-fait-froid-225x300.jpg\" alt=\"Il fait froid\" width=\"298\" height=\"397\" srcset=\"https:\/\/www.vita-explorers.dk\/blog\/wp-content\/uploads\/2016\/02\/Il-fait-froid-225x300.jpg 225w, https:\/\/www.vita-explorers.dk\/blog\/wp-content\/uploads\/2016\/02\/Il-fait-froid-113x150.jpg 113w, https:\/\/www.vita-explorers.dk\/blog\/wp-content\/uploads\/2016\/02\/Il-fait-froid.jpg 720w\" sizes=\"(max-width: 298px) 100vw, 298px\" \/><\/a>N\u00e5r han ikke var der, stod Arjun (koordinatoren) og hans familie altid klar med gode r\u00e5d, hj\u00e6lp og svar p\u00e5 sp\u00f8rgsm\u00e5l\u2026<\/span><\/p>\n<p class=\"p1\" style=\"text-align: justify;\"><span class=\"s1\"> For mig forl\u00f8b opholdet virkelig godt. Da b\u00f8rnene havde ferie under hele perioden, var det en forn\u00f8jelse at kunne bruge s\u00e5 meget tid som muligt sammen med dem. <\/span><\/p>\n<p class=\"p1\" style=\"text-align: justify;\"><span class=\"s1\">Jeg n\u00e5ede at opleve mange steder p\u00e5 rejsen. I introduktionsugen med Bikram bes\u00f8gte jeg tre kendte steder: Swoyambhunath-templet, Boudhanath-stupaen og Kapan Gumba-klosteret. Jeg gik ogs\u00e5 rundt og oplevede Thamel og de sm\u00e5 gader. Jeg bes\u00f8gte Patan Durbar Square og omr\u00e5det omkring sammen med b\u00f8rnene, som kender deres kvarter rigtig godt. Jeg var ogs\u00e5 afsted i 4 n\u00e6tter og 5 dage p\u00e5 et yogacenter: Himalayan Yoga Center.<\/span><\/p>\n<p><img loading=\"lazy\" decoding=\"async\" class=\"wp-image-1072 aligncenter\" style=\"text-align: justify;\" src=\"https:\/\/www.vita-explorers.dk\/blog\/wp-content\/uploads\/2016\/02\/Sourire-au-Ne\u0301pal-225x300.jpg\" alt=\"Sourire au Ne\u0301pal\" width=\"299\" height=\"399\" srcset=\"https:\/\/www.vita-explorers.dk\/blog\/wp-content\/uploads\/2016\/02\/Sourire-au-Ne\u0301pal-225x300.jpg 225w, https:\/\/www.vita-explorers.dk\/blog\/wp-content\/uploads\/2016\/02\/Sourire-au-Ne\u0301pal-113x150.jpg 113w, https:\/\/www.vita-explorers.dk\/blog\/wp-content\/uploads\/2016\/02\/Sourire-au-Ne\u0301pal.jpg 720w\" sizes=\"(max-width: 299px) 100vw, 299px\" \/><\/p>\n<p class=\"p1\" style=\"text-align: justify;\"><span class=\"s1\"> Jeg forestiller mig, at jeg godt kunne have klaret mig uden den lokale koordinator, men det er stadig virkelig rart at vide, at man ikke er helt <\/span><\/p>\n<p class=\"p1\" style=\"text-align: justify;\"><span class=\"s1\">alene i uvante omgivelser. Man bevarer privatliv ved at bo i stueetagen, som er forbeholdt deltagerne. Men man skal bare op ad en trappe for at v\u00e6re sammen med familien. Koordinatoren og hans familie var der til m\u00e5ltiderne, hjalp med at veksle penge de f\u00f8rste dage, med at k\u00f8be et SIM-kort, med vejledning til at komme rundt og med bare at tale om Nepal og kulturen.<\/span><\/p>\n<p class=\"p1\" style=\"text-align: justify;\"><span class=\"s1\"> Jeg m\u00f8dte virkelig sk\u00f8nne mennesker. B\u00f8rnene er uden tvivl dem, der gav mig allermest. Jeg m\u00f8dte ogs\u00e5 en tidligere deltager, som var kommet tilbage i et par dage sammen med sin s\u00f8ster.<\/span><\/p>\n<p class=\"p1\" style=\"text-align: justify;\"><span class=\"s1\">Jeg h\u00e5ber, at denne oplevelse kan v\u00e6re med til at vise, at jeg er god til at tilpasse mig og falde til, at jeg er \u00e5ben over for andre og deres kultur, og at jeg trives i samv\u00e6r med b\u00f8rn og gerne vil bidrage med noget \u2013 ogs\u00e5 selvom det ofte er mig, der f\u00e5r mest ud af at v\u00e6re sammen med dem. <\/span><\/p>\n<p class=\"p1\" style=\"text-align: justify;\"><span class=\"s1\"> Jeg har sv\u00e6rt ved at se, hvordan I kunne have gjort mere, end I allerede har f\u00e5et sat i gang! Efter min mening var den information, VITA gav, mere end tilstr\u00e6kkelig. Og hvis der alligevel mangler noget, kan deltagerne altid stille sp\u00f8rgsm\u00e5l via mail eller telefon! <\/span><\/p>\n<p class=\"p1\" style=\"text-align: justify;\"><span class=\"s1\"><span style=\"color: #b81657;\"><strong> Mit r\u00e5d:<\/strong><\/span> Hvis opholdet ligger om vinteren, s\u00e5 forbered dig mentalt p\u00e5 en ret bidende kulde \u2013 og forvent ikke elvarme og gode, varme bade! Er du kuldsk\u00e6r, s\u00e5 tag rigeligt med varmt t\u00f8j med!<\/span><\/p>\n<p class=\"p1\" style=\"text-align: center;\">Vil du se flere fotos fra Nepal, <span style=\"text-decoration: underline;\"><a href=\"https:\/\/www.flickr.com\/photos\/globalong\/albums\/72157639471477014\" target=\"_blank\" rel=\"noopener\">s\u00e5 klik her<\/a><\/span> !<\/p>\n<p class=\"p1\" style=\"text-align: center;\">Vil du l\u00e6se om vores forl\u00f8b i Nepal, <span style=\"text-decoration: underline;\"><a href=\"https:\/\/www.vita-explorers.dk\/frivilligt-arbejde\/frivilligt-arbejde-i-nepal.html\" target=\"_blank\" rel=\"noopener\">s\u00e5 klik her<\/a><\/span> !<\/p>\n<p class=\"p1\" style=\"text-align: center;\">Du er altid velkommen til at kontakte os for mere information p\u00e5 <span style=\"text-decoration: underline; color: #b81657;\"><a style=\"color: #b81657; text-decoration: underline;\" href=\"mailto:info@globalong.com\">info@globalong.com<\/a><\/span><\/p>\n","protected":false},"excerpt":{"rendered":"<p>Oplevelser fra Mal\u00e9ka, deltager med VITA i Nepal Jeg tog med VITA til Nepal i en m\u00e5ned. Jeg brugte introduktionsugen i Lazimpath hos Arjun,\u2026<\/p>\n","protected":false},"author":1,"featured_media":1071,"parent":883,"menu_order":0,"comment_status":"open","ping_status":"closed","template":"","meta":{"footnotes":""},"yoast_head":"<!-- This site is optimized with the Yoast SEO Premium plugin v23.4 (Yoast SEO v23.4) - https:\/\/yoast.com\/wordpress\/plugins\/seo\/ -->\n<title>Nepal - Mal\u00e9ka - VITA Explorers Blog<\/title>\n<meta name=\"robots\" content=\"index, follow, max-snippet:-1, max-image-preview:large, max-video-preview:-1\" \/>\n<link rel=\"canonical\" href=\"https:\/\/www.vita-explorers.dk\/blog\/anmeldelser-oplevelser-vita\/nepal-maleka\/\" \/>\n<meta property=\"og:locale\" content=\"da_DK\" \/>\n<meta property=\"og:type\" content=\"article\" \/>\n<meta property=\"og:title\" content=\"Nepal - Mal\u00e9ka\" \/>\n<meta property=\"og:description\" content=\"Oplevelser fra Mal\u00e9ka, deltager med VITA i Nepal Jeg tog med VITA til Nepal i en m\u00e5ned. Jeg brugte introduktionsugen i Lazimpath hos Arjun,\u2026\" \/>\n<meta property=\"og:url\" content=\"https:\/\/www.vita-explorers.dk\/blog\/anmeldelser-oplevelser-vita\/nepal-maleka\/\" \/>\n<meta property=\"og:site_name\" content=\"VITA Explorers Blog\" \/>\n<meta property=\"article:publisher\" content=\"https:\/\/www.facebook.com\/globalong\" \/>\n<meta property=\"article:modified_time\" content=\"2022-05-06T06:45:32+00:00\" \/>\n<meta property=\"og:image\" content=\"https:\/\/www.vita-explorers.dk\/blog\/wp-content\/uploads\/2016\/02\/Il-fait-froid.jpg\" \/>\n\t<meta property=\"og:image:width\" content=\"720\" \/>\n\t<meta property=\"og:image:height\" content=\"960\" \/>\n\t<meta property=\"og:image:type\" content=\"image\/jpeg\" \/>\n<meta name=\"twitter:card\" content=\"summary_large_image\" \/>\n<meta name=\"twitter:label1\" content=\"Estimeret l\u00e6setid\" \/>\n\t<meta name=\"twitter:data1\" content=\"3 minutter\" \/>\n<script type=\"application\/ld+json\" class=\"yoast-schema-graph\">{\"@context\":\"https:\/\/schema.org\",\"@graph\":[{\"@type\":\"WebPage\",\"@id\":\"https:\/\/www.vita-explorers.dk\/blog\/anmeldelser-oplevelser-vita\/nepal-maleka\/\",\"url\":\"https:\/\/www.vita-explorers.dk\/blog\/anmeldelser-oplevelser-vita\/nepal-maleka\/\",\"name\":\"Nepal - Mal\u00e9ka - VITA Explorers Blog\",\"isPartOf\":{\"@id\":\"https:\/\/www.vita-explorers.dk\/blog\/#website\"},\"primaryImageOfPage\":{\"@id\":\"https:\/\/www.vita-explorers.dk\/blog\/anmeldelser-oplevelser-vita\/nepal-maleka\/#primaryimage\"},\"image\":{\"@id\":\"https:\/\/www.vita-explorers.dk\/blog\/anmeldelser-oplevelser-vita\/nepal-maleka\/#primaryimage\"},\"thumbnailUrl\":\"https:\/\/www.vita-explorers.dk\/blog\/wp-content\/uploads\/2016\/02\/Il-fait-froid.jpg\",\"datePublished\":\"2016-02-24T15:56:13+00:00\",\"dateModified\":\"2022-05-06T06:45:32+00:00\",\"breadcrumb\":{\"@id\":\"https:\/\/www.vita-explorers.dk\/blog\/anmeldelser-oplevelser-vita\/nepal-maleka\/#breadcrumb\"},\"inLanguage\":\"da-DK\",\"potentialAction\":[{\"@type\":\"ReadAction\",\"target\":[\"https:\/\/www.vita-explorers.dk\/blog\/anmeldelser-oplevelser-vita\/nepal-maleka\/\"]}]},{\"@type\":\"ImageObject\",\"inLanguage\":\"da-DK\",\"@id\":\"https:\/\/www.vita-explorers.dk\/blog\/anmeldelser-oplevelser-vita\/nepal-maleka\/#primaryimage\",\"url\":\"https:\/\/www.vita-explorers.dk\/blog\/wp-content\/uploads\/2016\/02\/Il-fait-froid.jpg\",\"contentUrl\":\"https:\/\/www.vita-explorers.dk\/blog\/wp-content\/uploads\/2016\/02\/Il-fait-froid.jpg\",\"width\":720,\"height\":960},{\"@type\":\"BreadcrumbList\",\"@id\":\"https:\/\/www.vita-explorers.dk\/blog\/anmeldelser-oplevelser-vita\/nepal-maleka\/#breadcrumb\",\"itemListElement\":[{\"@type\":\"ListItem\",\"position\":1,\"name\":\"Accueil\",\"item\":\"https:\/\/www.vita-explorers.dk\/blog\/\"},{\"@type\":\"ListItem\",\"position\":2,\"name\":\"Kritiske erfaringer og anmeldelser fra deltagere\",\"item\":\"https:\/\/www.vita-explorers.dk\/blog\/anmeldelser-oplevelser-vita\/\"},{\"@type\":\"ListItem\",\"position\":3,\"name\":\"Nepal &#8211; Mal\u00e9ka\"}]},{\"@type\":\"WebSite\",\"@id\":\"https:\/\/www.vita-explorers.dk\/blog\/#website\",\"url\":\"https:\/\/www.vita-explorers.dk\/blog\/\",\"name\":\"Association Globalong\",\"description\":\"Frivilligt arbejde, sprogophold, praktik i udlandet og internationale oplevelser\",\"publisher\":{\"@id\":\"https:\/\/www.vita-explorers.dk\/blog\/#organization\"},\"potentialAction\":[{\"@type\":\"SearchAction\",\"target\":{\"@type\":\"EntryPoint\",\"urlTemplate\":\"https:\/\/www.vita-explorers.dk\/blog\/?s={search_term_string}\"},\"query-input\":{\"@type\":\"PropertyValueSpecification\",\"valueRequired\":true,\"valueName\":\"search_term_string\"}}],\"inLanguage\":\"da-DK\"},{\"@type\":\"Organization\",\"@id\":\"https:\/\/www.vita-explorers.dk\/blog\/#organization\",\"name\":\"Association Globalong\",\"url\":\"https:\/\/www.vita-explorers.dk\/blog\/\",\"logo\":{\"@type\":\"ImageObject\",\"inLanguage\":\"da-DK\",\"@id\":\"https:\/\/www.vita-explorers.dk\/blog\/#\/schema\/logo\/image\/\",\"url\":\"https:\/\/www.globalong.com\/blog\/wp-content\/uploads\/2014\/11\/cropped-cropped-Logo-et-Afrique-Globalong-petite-taille-2.jpg\",\"contentUrl\":\"https:\/\/www.globalong.com\/blog\/wp-content\/uploads\/2014\/11\/cropped-cropped-Logo-et-Afrique-Globalong-petite-taille-2.jpg\",\"width\":512,\"height\":512,\"caption\":\"Association Globalong\"},\"image\":{\"@id\":\"https:\/\/www.vita-explorers.dk\/blog\/#\/schema\/logo\/image\/\"},\"sameAs\":[\"https:\/\/www.facebook.com\/globalong\"]}]}<\/script>\n<!-- \/ Yoast SEO Premium plugin. -->","yoast_head_json":{"title":"Nepal - Mal\u00e9ka - VITA Explorers Blog","robots":{"index":"index","follow":"follow","max-snippet":"max-snippet:-1","max-image-preview":"max-image-preview:large","max-video-preview":"max-video-preview:-1"},"canonical":"https:\/\/www.vita-explorers.dk\/blog\/anmeldelser-oplevelser-vita\/nepal-maleka\/","og_locale":"da_DK","og_type":"article","og_title":"Nepal - Mal\u00e9ka","og_description":"Oplevelser fra Mal\u00e9ka, deltager med VITA i Nepal Jeg tog med VITA til Nepal i en m\u00e5ned. Jeg brugte introduktionsugen i Lazimpath hos Arjun,\u2026","og_url":"https:\/\/www.vita-explorers.dk\/blog\/anmeldelser-oplevelser-vita\/nepal-maleka\/","og_site_name":"VITA Explorers Blog","article_publisher":"https:\/\/www.facebook.com\/globalong","article_modified_time":"2022-05-06T06:45:32+00:00","og_image":[{"width":720,"height":960,"url":"https:\/\/www.vita-explorers.dk\/blog\/wp-content\/uploads\/2016\/02\/Il-fait-froid.jpg","type":"image\/jpeg"}],"twitter_card":"summary_large_image","twitter_misc":{"Estimeret l\u00e6setid":"3 minutter"},"schema":{"@context":"https:\/\/schema.org","@graph":[{"@type":"WebPage","@id":"https:\/\/www.vita-explorers.dk\/blog\/anmeldelser-oplevelser-vita\/nepal-maleka\/","url":"https:\/\/www.vita-explorers.dk\/blog\/anmeldelser-oplevelser-vita\/nepal-maleka\/","name":"Nepal - Mal\u00e9ka - VITA Explorers Blog","isPartOf":{"@id":"https:\/\/www.vita-explorers.dk\/blog\/#website"},"primaryImageOfPage":{"@id":"https:\/\/www.vita-explorers.dk\/blog\/anmeldelser-oplevelser-vita\/nepal-maleka\/#primaryimage"},"image":{"@id":"https:\/\/www.vita-explorers.dk\/blog\/anmeldelser-oplevelser-vita\/nepal-maleka\/#primaryimage"},"thumbnailUrl":"https:\/\/www.vita-explorers.dk\/blog\/wp-content\/uploads\/2016\/02\/Il-fait-froid.jpg","datePublished":"2016-02-24T15:56:13+00:00","dateModified":"2022-05-06T06:45:32+00:00","breadcrumb":{"@id":"https:\/\/www.vita-explorers.dk\/blog\/anmeldelser-oplevelser-vita\/nepal-maleka\/#breadcrumb"},"inLanguage":"da-DK","potentialAction":[{"@type":"ReadAction","target":["https:\/\/www.vita-explorers.dk\/blog\/anmeldelser-oplevelser-vita\/nepal-maleka\/"]}]},{"@type":"ImageObject","inLanguage":"da-DK","@id":"https:\/\/www.vita-explorers.dk\/blog\/anmeldelser-oplevelser-vita\/nepal-maleka\/#primaryimage","url":"https:\/\/www.vita-explorers.dk\/blog\/wp-content\/uploads\/2016\/02\/Il-fait-froid.jpg","contentUrl":"https:\/\/www.vita-explorers.dk\/blog\/wp-content\/uploads\/2016\/02\/Il-fait-froid.jpg","width":720,"height":960},{"@type":"BreadcrumbList","@id":"https:\/\/www.vita-explorers.dk\/blog\/anmeldelser-oplevelser-vita\/nepal-maleka\/#breadcrumb","itemListElement":[{"@type":"ListItem","position":1,"name":"Accueil","item":"https:\/\/www.vita-explorers.dk\/blog\/"},{"@type":"ListItem","position":2,"name":"Kritiske erfaringer og anmeldelser fra deltagere","item":"https:\/\/www.vita-explorers.dk\/blog\/anmeldelser-oplevelser-vita\/"},{"@type":"ListItem","position":3,"name":"Nepal &#8211; Mal\u00e9ka"}]},{"@type":"WebSite","@id":"https:\/\/www.vita-explorers.dk\/blog\/#website","url":"https:\/\/www.vita-explorers.dk\/blog\/","name":"Association Globalong","description":"Frivilligt arbejde, sprogophold, praktik i udlandet og internationale oplevelser","publisher":{"@id":"https:\/\/www.vita-explorers.dk\/blog\/#organization"},"potentialAction":[{"@type":"SearchAction","target":{"@type":"EntryPoint","urlTemplate":"https:\/\/www.vita-explorers.dk\/blog\/?s={search_term_string}"},"query-input":{"@type":"PropertyValueSpecification","valueRequired":true,"valueName":"search_term_string"}}],"inLanguage":"da-DK"},{"@type":"Organization","@id":"https:\/\/www.vita-explorers.dk\/blog\/#organization","name":"Association Globalong","url":"https:\/\/www.vita-explorers.dk\/blog\/","logo":{"@type":"ImageObject","inLanguage":"da-DK","@id":"https:\/\/www.vita-explorers.dk\/blog\/#\/schema\/logo\/image\/","url":"https:\/\/www.globalong.com\/blog\/wp-content\/uploads\/2014\/11\/cropped-cropped-Logo-et-Afrique-Globalong-petite-taille-2.jpg","contentUrl":"https:\/\/www.globalong.com\/blog\/wp-content\/uploads\/2014\/11\/cropped-cropped-Logo-et-Afrique-Globalong-petite-taille-2.jpg","width":512,"height":512,"caption":"Association Globalong"},"image":{"@id":"https:\/\/www.vita-explorers.dk\/blog\/#\/schema\/logo\/image\/"},"sameAs":["https:\/\/www.facebook.com\/globalong"]}]}},"_links":{"self":[{"href":"https:\/\/www.vita-explorers.dk\/blog\/wp-json\/wp\/v2\/pages\/1068"}],"collection":[{"href":"https:\/\/www.vita-explorers.dk\/blog\/wp-json\/wp\/v2\/pages"}],"about":[{"href":"https:\/\/www.vita-explorers.dk\/blog\/wp-json\/wp\/v2\/types\/page"}],"author":[{"embeddable":true,"href":"https:\/\/www.vita-explorers.dk\/blog\/wp-json\/wp\/v2\/users\/1"}],"replies":[{"embeddable":true,"href":"https:\/\/www.vita-explorers.dk\/blog\/wp-json\/wp\/v2\/comments?post=1068"}],"version-history":[{"count":19,"href":"https:\/\/www.vita-explorers.dk\/blog\/wp-json\/wp\/v2\/pages\/1068\/revisions"}],"predecessor-version":[{"id":14468,"href":"https:\/\/www.vita-explorers.dk\/blog\/wp-json\/wp\/v2\/pages\/1068\/revisions\/14468"}],"up":[{"embeddable":true,"href":"https:\/\/www.vita-explorers.dk\/blog\/wp-json\/wp\/v2\/pages\/883"}],"wp:featuredmedia":[{"embeddable":true,"href":"https:\/\/www.vita-explorers.dk\/blog\/wp-json\/wp\/v2\/media\/1071"}],"wp:attachment":[{"href":"https:\/\/www.vita-explorers.dk\/blog\/wp-json\/wp\/v2\/media?parent=1068"}],"curies":[{"name":"wp","href":"https:\/\/api.w.org\/{rel}","templated":true}]}}