{"id":1161,"date":"2016-02-29T15:11:57","date_gmt":"2016-02-29T14:11:57","guid":{"rendered":"https:\/\/www.globalong.com\/blog\/?page_id=1161"},"modified":"2022-01-24T10:00:18","modified_gmt":"2022-01-24T09:00:18","slug":"bolivie-pauline","status":"publish","type":"page","link":"https:\/\/www.vita-explorers.dk\/blog\/anmeldelser-oplevelser-vita\/bolivie-pauline\/","title":{"rendered":"Bolivia \u2013 Pauline"},"content":{"rendered":"<p class=\"p1\" style=\"text-align: center;\"><span style=\"color: #b81657;\"><strong><span class=\"s1\">Paulines oplevelser som deltager med VITA i Bolivia<\/span><\/strong><\/span><\/p>\n<p class=\"p1\" style=\"text-align: justify;\"><span class=\"s1\"><a href=\"https:\/\/www.vita-explorers.dk\/blog\/wp-content\/uploads\/2016\/02\/20150719_113714.jpg\"><img loading=\"lazy\" decoding=\"async\" class=\"size-medium wp-image-1162 aligncenter\" src=\"https:\/\/www.vita-explorers.dk\/blog\/wp-content\/uploads\/2016\/02\/20150719_113714-300x169.jpg\" alt=\"20150719_113714\" width=\"300\" height=\"169\" srcset=\"https:\/\/www.vita-explorers.dk\/blog\/wp-content\/uploads\/2016\/02\/20150719_113714-300x169.jpg 300w, https:\/\/www.vita-explorers.dk\/blog\/wp-content\/uploads\/2016\/02\/20150719_113714-1024x576.jpg 1024w, https:\/\/www.vita-explorers.dk\/blog\/wp-content\/uploads\/2016\/02\/20150719_113714-150x84.jpg 150w\" sizes=\"(max-width: 300px) 100vw, 300px\" \/><\/a>Jeg rejste til Bolivia i 6 uger \u2013 to i Sucre og fire i San Miguel \u2013 sammen med VITA. Jeg havde to m\u00e5l. Som 19-\u00e5rig ville jeg l\u00e6re mig selv bedre at kende og rejse alene langt v\u00e6k fra min comfortzone for at m\u00e6rke mine egne gr\u00e6nser. Det andet var, at jeg gerne ville opleve andre m\u00e5der at leve p\u00e5 og l\u00e6re af mennesker, jeg ikke m\u00f8der i min hverdag.<\/span><\/p>\n<p class=\"p1\" style=\"text-align: justify;\"><span class=\"s1\">Introduktionen og sprogundervisningen gik rigtig godt.<\/span><\/p>\n<p class=\"p1\" style=\"text-align: justify;\"><span class=\"s1\"><a href=\"https:\/\/www.vita-explorers.dk\/blog\/wp-content\/uploads\/2016\/02\/20150719_111342.jpg\"><img loading=\"lazy\" decoding=\"async\" class=\"size-medium wp-image-1163 aligncenter\" src=\"https:\/\/www.vita-explorers.dk\/blog\/wp-content\/uploads\/2016\/02\/20150719_111342-300x169.jpg\" alt=\"20150719_111342\" width=\"300\" height=\"169\" srcset=\"https:\/\/www.vita-explorers.dk\/blog\/wp-content\/uploads\/2016\/02\/20150719_111342-300x169.jpg 300w, https:\/\/www.vita-explorers.dk\/blog\/wp-content\/uploads\/2016\/02\/20150719_111342-1024x576.jpg 1024w, https:\/\/www.vita-explorers.dk\/blog\/wp-content\/uploads\/2016\/02\/20150719_111342-150x84.jpg 150w, https:\/\/www.vita-explorers.dk\/blog\/wp-content\/uploads\/2016\/02\/20150719_111342.jpg 1920w\" sizes=\"(max-width: 300px) 100vw, 300px\" \/><\/a>Selve opholdet med frivilligt arbejde udviklede sig i flere faser. F\u00f8rst kom den del, hvor jeg skulle falde til \u2013 det gik langsomt og var lidt sv\u00e6rt i starten. Men efter et par dage gik det meget hurtigere, og det blev en helt s\u00e6rlig oplevelse.<\/span><\/p>\n<p class=\"p1\" style=\"text-align: justify;\"><span class=\"s1\">I Sucre var jeg turist p\u00e5 fuld tid sammen med kusinerne til pigen i min v\u00e6rtsfamilie, som var 20 og 22 \u00e5r. De bor i Wien og havde ikke v\u00e6ret tilbage i Bolivia i 6 \u00e5r.<\/span><\/p>\n<p class=\"p1\" style=\"text-align: justify;\"><span class=\"s1\"><a href=\"https:\/\/www.vita-explorers.dk\/blog\/wp-content\/uploads\/2016\/02\/20150719_162731.jpg\"><img loading=\"lazy\" decoding=\"async\" class=\"size-medium wp-image-1164 aligncenter\" src=\"https:\/\/www.vita-explorers.dk\/blog\/wp-content\/uploads\/2016\/02\/20150719_162731-300x169.jpg\" alt=\"20150719_162731\" width=\"300\" height=\"169\" srcset=\"https:\/\/www.vita-explorers.dk\/blog\/wp-content\/uploads\/2016\/02\/20150719_162731-300x169.jpg 300w, https:\/\/www.vita-explorers.dk\/blog\/wp-content\/uploads\/2016\/02\/20150719_162731-1024x576.jpg 1024w, https:\/\/www.vita-explorers.dk\/blog\/wp-content\/uploads\/2016\/02\/20150719_162731-150x84.jpg 150w, https:\/\/www.vita-explorers.dk\/blog\/wp-content\/uploads\/2016\/02\/20150719_162731.jpg 1920w\" sizes=\"(max-width: 300px) 100vw, 300px\" \/><\/a>Sammen med deres andre kusiner viste de mig byen frem hver eftermiddag efter skole. Det sjove er, at museer i Sucre har to priser: \u00e9n for lokale og \u00e9n for udl\u00e6ndinge, som er lidt h\u00f8jere. For at jeg ikke skulle betale ekstra, lod de mig udgive mig for at v\u00e6re gift med en af kusinerne \u2013 og det virkede faktisk.<\/span><\/p>\n<p class=\"p1\" style=\"text-align: justify;\"><span class=\"s1\">I regnskoven ville jeg gerne have n\u00e5et en tur i pampas, men jeg havde ikke tiden til det.<\/span><\/p>\n<p class=\"p1\" style=\"text-align: justify;\"><span class=\"s1\"><a href=\"https:\/\/www.vita-explorers.dk\/blog\/wp-content\/uploads\/2016\/02\/Elsa-cooking.jpg\"><img loading=\"lazy\" decoding=\"async\" class=\"size-medium wp-image-1167 aligncenter\" src=\"https:\/\/www.vita-explorers.dk\/blog\/wp-content\/uploads\/2016\/02\/Elsa-cooking-300x200.jpg\" alt=\"Elsa cooking\" width=\"300\" height=\"200\" srcset=\"https:\/\/www.vita-explorers.dk\/blog\/wp-content\/uploads\/2016\/02\/Elsa-cooking-300x200.jpg 300w, https:\/\/www.vita-explorers.dk\/blog\/wp-content\/uploads\/2016\/02\/Elsa-cooking-1024x683.jpg 1024w, https:\/\/www.vita-explorers.dk\/blog\/wp-content\/uploads\/2016\/02\/Elsa-cooking-150x100.jpg 150w\" sizes=\"(max-width: 300px) 100vw, 300px\" \/><\/a>Til geng\u00e6ld var jeg to gange med p\u00e5 en tur i Madidi-parken gratis via f\u00e6llesskabets bureau, hvor jeg fungerede som \u201ctolk\u201d. Under alle omst\u00e6ndigheder \u2013 p\u00e5 godt og ondt \u2013 er der ikke to dage i regnskoven, der er ens.<\/span><\/p>\n<p class=\"p1\" style=\"text-align: justify;\"><span class=\"s1\">M\u00f8derne med mennesker var det bedste ved rejsen. P\u00e5 to uger i Sucre fik jeg n\u00e6rmest en hel familie (12 b\u00f8rneb\u00f8rn). Relationerne til familien blev s\u00e5 st\u00e6rke, at jeg ikke ved, om jeg hurtigt kan glemme dem.<\/span><\/p>\n<p class=\"p1\" style=\"text-align: justify;\"><span class=\"s1\"><a href=\"https:\/\/www.vita-explorers.dk\/blog\/wp-content\/uploads\/2016\/02\/Salsa-1.jpg\" rel=\"attachment wp-att-1998\"><img loading=\"lazy\" decoding=\"async\" class=\"size-medium wp-image-1998 aligncenter\" src=\"https:\/\/www.vita-explorers.dk\/blog\/wp-content\/uploads\/2016\/02\/Salsa-1-300x200.jpg\" alt=\"Salsa 1\" width=\"300\" height=\"200\" srcset=\"https:\/\/www.vita-explorers.dk\/blog\/wp-content\/uploads\/2016\/02\/Salsa-1-300x200.jpg 300w, https:\/\/www.vita-explorers.dk\/blog\/wp-content\/uploads\/2016\/02\/Salsa-1-768x512.jpg 768w, https:\/\/www.vita-explorers.dk\/blog\/wp-content\/uploads\/2016\/02\/Salsa-1-1024x683.jpg 1024w, https:\/\/www.vita-explorers.dk\/blog\/wp-content\/uploads\/2016\/02\/Salsa-1-150x100.jpg 150w\" sizes=\"(max-width: 300px) 100vw, 300px\" \/><\/a>I regnskoven tog det l\u00e6ngere tid at skabe de samme b\u00e5nd, men jeg m\u00f8dte nogle helt s\u00e6rlige mennesker. Nogle f\u00f8les som venner, jeg har kendt altid \u2013 nogen jeg kan tale om alt med. Jeg savner dem virkelig. Det er st\u00e6rke venskaber, som jeg h\u00e5ber, vi kan holde fast i via Facebook eller WhatsApp (selvom der ikke er d\u00e6kning i f\u00e6llesskabet).<\/span><\/p>\n<p class=\"p1\" style=\"text-align: justify;\"><span class=\"s1\">Det sv\u00e6re ved de relationer er, at jeg ikke ved, hvorn\u00e5r jeg f\u00e5r mulighed for at se de her mennesker igen \u2013 som jeg n\u00e5ede at knytte mig til s\u00e5 hurtigt.<\/span><\/p>\n<p style=\"text-align: justify;\"><img loading=\"lazy\" decoding=\"async\" class=\"size-medium wp-image-2000 aligncenter\" src=\"https:\/\/www.vita-explorers.dk\/blog\/wp-content\/uploads\/2016\/02\/futboli\u0301n.elsa_-300x200.jpg\" alt=\"futboli\u0301n.elsa\" width=\"300\" height=\"200\" srcset=\"https:\/\/www.vita-explorers.dk\/blog\/wp-content\/uploads\/2016\/02\/futboli\u0301n.elsa_-300x200.jpg 300w, https:\/\/www.vita-explorers.dk\/blog\/wp-content\/uploads\/2016\/02\/futboli\u0301n.elsa_-768x512.jpg 768w, https:\/\/www.vita-explorers.dk\/blog\/wp-content\/uploads\/2016\/02\/futboli\u0301n.elsa_-1024x683.jpg 1024w, https:\/\/www.vita-explorers.dk\/blog\/wp-content\/uploads\/2016\/02\/futboli\u0301n.elsa_-150x100.jpg 150w\" sizes=\"(max-width: 300px) 100vw, 300px\" \/><\/p>\n<p class=\"p1\" style=\"text-align: justify;\"><span class=\"s1\">Jeg l\u00e6rte at tilpasse mig en livsstil, der er anderledes end min egen, og det kommer til at hj\u00e6lpe mig \u2013 b\u00e5de i arbejdsliv og privat. Jeg har ogs\u00e5 forbedret mit spansk, og det er en stor fordel for mine studier.<\/span><\/p>\n<p class=\"p1\" style=\"text-align: justify;\"><span class=\"s1\">Jeg vil uden problemer anbefale VITA, og her er mit r\u00e5d: Kom uden fordomme og uden alt for faste forventninger. Lad v\u00e6re med at spise for meget ris, inden du tager afsted. Og giv dig selv nogle dage til sidst (mellem 4 og 6) til at opleve Salar de Uyuni.<\/span><\/p>\n<p class=\"p1\" style=\"text-align: center;\">Vil du se vores internationale forl\u00f8b i Bolivia <span style=\"text-decoration: underline;\"><a href=\"https:\/\/www.vita-explorers.dk\/sprog-og-frivilligt-arbejde\/spansk-frivilligt-arbejde-bolivia.html\" target=\"_blank\" rel=\"noopener\">s\u00e5 klik her<\/a><\/span> !<\/p>\n<p class=\"p1\" style=\"text-align: center;\">Du kan ogs\u00e5 v\u00e6re med p\u00e5 et <span style=\"text-decoration: underline;\"><a href=\"https:\/\/www.vita-explorers.dk\/sprog-og-frivilligt-arbejde\/bolivie-foret.html\" target=\"_blank\" rel=\"noopener\">forl\u00f8b med fokus p\u00e5 natur og milj\u00f8 i Bolivia<\/a><\/span> !<\/p>\n<p class=\"p1\" style=\"text-align: center;\">Du er altid velkommen til at kontakte os for mere information p\u00e5 <span style=\"text-decoration: underline; color: #b81657;\"><a style=\"color: #b81657; text-decoration: underline;\" href=\"mailto:info@globalong.com\">info@globalong.com<\/a><\/span><\/p>\n","protected":false},"excerpt":{"rendered":"<p>Paulines oplevelser som deltager med VITA i Bolivia Jeg rejste til Bolivia i 6 uger \u2013 to i Sucre og fire i San Miguel\u2026<\/p>\n","protected":false},"author":1,"featured_media":1162,"parent":883,"menu_order":0,"comment_status":"open","ping_status":"closed","template":"","meta":{"footnotes":""},"yoast_head":"<!-- This site is optimized with the Yoast SEO Premium plugin v23.4 (Yoast SEO v23.4) - https:\/\/yoast.com\/wordpress\/plugins\/seo\/ -->\n<title>Bolivia \u2013 Pauline - VITA Explorers Blog<\/title>\n<meta name=\"robots\" content=\"index, follow, max-snippet:-1, max-image-preview:large, max-video-preview:-1\" \/>\n<link rel=\"canonical\" href=\"https:\/\/www.vita-explorers.dk\/blog\/anmeldelser-oplevelser-vita\/bolivie-pauline\/\" \/>\n<meta property=\"og:locale\" content=\"da_DK\" \/>\n<meta property=\"og:type\" content=\"article\" \/>\n<meta property=\"og:title\" content=\"Bolivia \u2013 Pauline\" \/>\n<meta property=\"og:description\" content=\"Paulines oplevelser som deltager med VITA i Bolivia Jeg rejste til Bolivia i 6 uger \u2013 to i Sucre og fire i San Miguel\u2026\" \/>\n<meta property=\"og:url\" content=\"https:\/\/www.vita-explorers.dk\/blog\/anmeldelser-oplevelser-vita\/bolivie-pauline\/\" \/>\n<meta property=\"og:site_name\" content=\"VITA Explorers Blog\" \/>\n<meta property=\"article:publisher\" content=\"https:\/\/www.facebook.com\/globalong\" \/>\n<meta property=\"article:modified_time\" content=\"2022-01-24T09:00:18+00:00\" \/>\n<meta property=\"og:image\" content=\"https:\/\/www.vita-explorers.dk\/blog\/wp-content\/uploads\/2016\/02\/20150719_113714-1024x576.jpg\" \/>\n\t<meta property=\"og:image:width\" content=\"1024\" \/>\n\t<meta property=\"og:image:height\" content=\"576\" \/>\n\t<meta property=\"og:image:type\" content=\"image\/jpeg\" \/>\n<meta name=\"twitter:card\" content=\"summary_large_image\" \/>\n<meta name=\"twitter:label1\" content=\"Estimeret l\u00e6setid\" \/>\n\t<meta name=\"twitter:data1\" content=\"3 minutter\" \/>\n<script type=\"application\/ld+json\" class=\"yoast-schema-graph\">{\"@context\":\"https:\/\/schema.org\",\"@graph\":[{\"@type\":\"WebPage\",\"@id\":\"https:\/\/www.vita-explorers.dk\/blog\/anmeldelser-oplevelser-vita\/bolivie-pauline\/\",\"url\":\"https:\/\/www.vita-explorers.dk\/blog\/anmeldelser-oplevelser-vita\/bolivie-pauline\/\",\"name\":\"Bolivia \u2013 Pauline - VITA Explorers Blog\",\"isPartOf\":{\"@id\":\"https:\/\/www.vita-explorers.dk\/blog\/#website\"},\"primaryImageOfPage\":{\"@id\":\"https:\/\/www.vita-explorers.dk\/blog\/anmeldelser-oplevelser-vita\/bolivie-pauline\/#primaryimage\"},\"image\":{\"@id\":\"https:\/\/www.vita-explorers.dk\/blog\/anmeldelser-oplevelser-vita\/bolivie-pauline\/#primaryimage\"},\"thumbnailUrl\":\"https:\/\/www.vita-explorers.dk\/blog\/wp-content\/uploads\/2016\/02\/20150719_113714.jpg\",\"datePublished\":\"2016-02-29T14:11:57+00:00\",\"dateModified\":\"2022-01-24T09:00:18+00:00\",\"breadcrumb\":{\"@id\":\"https:\/\/www.vita-explorers.dk\/blog\/anmeldelser-oplevelser-vita\/bolivie-pauline\/#breadcrumb\"},\"inLanguage\":\"da-DK\",\"potentialAction\":[{\"@type\":\"ReadAction\",\"target\":[\"https:\/\/www.vita-explorers.dk\/blog\/anmeldelser-oplevelser-vita\/bolivie-pauline\/\"]}]},{\"@type\":\"ImageObject\",\"inLanguage\":\"da-DK\",\"@id\":\"https:\/\/www.vita-explorers.dk\/blog\/anmeldelser-oplevelser-vita\/bolivie-pauline\/#primaryimage\",\"url\":\"https:\/\/www.vita-explorers.dk\/blog\/wp-content\/uploads\/2016\/02\/20150719_113714.jpg\",\"contentUrl\":\"https:\/\/www.vita-explorers.dk\/blog\/wp-content\/uploads\/2016\/02\/20150719_113714.jpg\",\"width\":5312,\"height\":2988},{\"@type\":\"BreadcrumbList\",\"@id\":\"https:\/\/www.vita-explorers.dk\/blog\/anmeldelser-oplevelser-vita\/bolivie-pauline\/#breadcrumb\",\"itemListElement\":[{\"@type\":\"ListItem\",\"position\":1,\"name\":\"Accueil\",\"item\":\"https:\/\/www.vita-explorers.dk\/blog\/\"},{\"@type\":\"ListItem\",\"position\":2,\"name\":\"Kritiske erfaringer og anmeldelser fra deltagere\",\"item\":\"https:\/\/www.vita-explorers.dk\/blog\/anmeldelser-oplevelser-vita\/\"},{\"@type\":\"ListItem\",\"position\":3,\"name\":\"Bolivia \u2013 Pauline\"}]},{\"@type\":\"WebSite\",\"@id\":\"https:\/\/www.vita-explorers.dk\/blog\/#website\",\"url\":\"https:\/\/www.vita-explorers.dk\/blog\/\",\"name\":\"Association Globalong\",\"description\":\"Frivilligt arbejde, sprogophold, praktik i udlandet og internationale oplevelser\",\"publisher\":{\"@id\":\"https:\/\/www.vita-explorers.dk\/blog\/#organization\"},\"potentialAction\":[{\"@type\":\"SearchAction\",\"target\":{\"@type\":\"EntryPoint\",\"urlTemplate\":\"https:\/\/www.vita-explorers.dk\/blog\/?s={search_term_string}\"},\"query-input\":{\"@type\":\"PropertyValueSpecification\",\"valueRequired\":true,\"valueName\":\"search_term_string\"}}],\"inLanguage\":\"da-DK\"},{\"@type\":\"Organization\",\"@id\":\"https:\/\/www.vita-explorers.dk\/blog\/#organization\",\"name\":\"Association Globalong\",\"url\":\"https:\/\/www.vita-explorers.dk\/blog\/\",\"logo\":{\"@type\":\"ImageObject\",\"inLanguage\":\"da-DK\",\"@id\":\"https:\/\/www.vita-explorers.dk\/blog\/#\/schema\/logo\/image\/\",\"url\":\"https:\/\/www.globalong.com\/blog\/wp-content\/uploads\/2014\/11\/cropped-cropped-Logo-et-Afrique-Globalong-petite-taille-2.jpg\",\"contentUrl\":\"https:\/\/www.globalong.com\/blog\/wp-content\/uploads\/2014\/11\/cropped-cropped-Logo-et-Afrique-Globalong-petite-taille-2.jpg\",\"width\":512,\"height\":512,\"caption\":\"Association Globalong\"},\"image\":{\"@id\":\"https:\/\/www.vita-explorers.dk\/blog\/#\/schema\/logo\/image\/\"},\"sameAs\":[\"https:\/\/www.facebook.com\/globalong\"]}]}<\/script>\n<!-- \/ Yoast SEO Premium plugin. -->","yoast_head_json":{"title":"Bolivia \u2013 Pauline - VITA Explorers Blog","robots":{"index":"index","follow":"follow","max-snippet":"max-snippet:-1","max-image-preview":"max-image-preview:large","max-video-preview":"max-video-preview:-1"},"canonical":"https:\/\/www.vita-explorers.dk\/blog\/anmeldelser-oplevelser-vita\/bolivie-pauline\/","og_locale":"da_DK","og_type":"article","og_title":"Bolivia \u2013 Pauline","og_description":"Paulines oplevelser som deltager med VITA i Bolivia Jeg rejste til Bolivia i 6 uger \u2013 to i Sucre og fire i San Miguel\u2026","og_url":"https:\/\/www.vita-explorers.dk\/blog\/anmeldelser-oplevelser-vita\/bolivie-pauline\/","og_site_name":"VITA Explorers Blog","article_publisher":"https:\/\/www.facebook.com\/globalong","article_modified_time":"2022-01-24T09:00:18+00:00","og_image":[{"width":1024,"height":576,"url":"https:\/\/www.vita-explorers.dk\/blog\/wp-content\/uploads\/2016\/02\/20150719_113714-1024x576.jpg","type":"image\/jpeg"}],"twitter_card":"summary_large_image","twitter_misc":{"Estimeret l\u00e6setid":"3 minutter"},"schema":{"@context":"https:\/\/schema.org","@graph":[{"@type":"WebPage","@id":"https:\/\/www.vita-explorers.dk\/blog\/anmeldelser-oplevelser-vita\/bolivie-pauline\/","url":"https:\/\/www.vita-explorers.dk\/blog\/anmeldelser-oplevelser-vita\/bolivie-pauline\/","name":"Bolivia \u2013 Pauline - VITA Explorers Blog","isPartOf":{"@id":"https:\/\/www.vita-explorers.dk\/blog\/#website"},"primaryImageOfPage":{"@id":"https:\/\/www.vita-explorers.dk\/blog\/anmeldelser-oplevelser-vita\/bolivie-pauline\/#primaryimage"},"image":{"@id":"https:\/\/www.vita-explorers.dk\/blog\/anmeldelser-oplevelser-vita\/bolivie-pauline\/#primaryimage"},"thumbnailUrl":"https:\/\/www.vita-explorers.dk\/blog\/wp-content\/uploads\/2016\/02\/20150719_113714.jpg","datePublished":"2016-02-29T14:11:57+00:00","dateModified":"2022-01-24T09:00:18+00:00","breadcrumb":{"@id":"https:\/\/www.vita-explorers.dk\/blog\/anmeldelser-oplevelser-vita\/bolivie-pauline\/#breadcrumb"},"inLanguage":"da-DK","potentialAction":[{"@type":"ReadAction","target":["https:\/\/www.vita-explorers.dk\/blog\/anmeldelser-oplevelser-vita\/bolivie-pauline\/"]}]},{"@type":"ImageObject","inLanguage":"da-DK","@id":"https:\/\/www.vita-explorers.dk\/blog\/anmeldelser-oplevelser-vita\/bolivie-pauline\/#primaryimage","url":"https:\/\/www.vita-explorers.dk\/blog\/wp-content\/uploads\/2016\/02\/20150719_113714.jpg","contentUrl":"https:\/\/www.vita-explorers.dk\/blog\/wp-content\/uploads\/2016\/02\/20150719_113714.jpg","width":5312,"height":2988},{"@type":"BreadcrumbList","@id":"https:\/\/www.vita-explorers.dk\/blog\/anmeldelser-oplevelser-vita\/bolivie-pauline\/#breadcrumb","itemListElement":[{"@type":"ListItem","position":1,"name":"Accueil","item":"https:\/\/www.vita-explorers.dk\/blog\/"},{"@type":"ListItem","position":2,"name":"Kritiske erfaringer og anmeldelser fra deltagere","item":"https:\/\/www.vita-explorers.dk\/blog\/anmeldelser-oplevelser-vita\/"},{"@type":"ListItem","position":3,"name":"Bolivia \u2013 Pauline"}]},{"@type":"WebSite","@id":"https:\/\/www.vita-explorers.dk\/blog\/#website","url":"https:\/\/www.vita-explorers.dk\/blog\/","name":"Association Globalong","description":"Frivilligt arbejde, sprogophold, praktik i udlandet og internationale oplevelser","publisher":{"@id":"https:\/\/www.vita-explorers.dk\/blog\/#organization"},"potentialAction":[{"@type":"SearchAction","target":{"@type":"EntryPoint","urlTemplate":"https:\/\/www.vita-explorers.dk\/blog\/?s={search_term_string}"},"query-input":{"@type":"PropertyValueSpecification","valueRequired":true,"valueName":"search_term_string"}}],"inLanguage":"da-DK"},{"@type":"Organization","@id":"https:\/\/www.vita-explorers.dk\/blog\/#organization","name":"Association Globalong","url":"https:\/\/www.vita-explorers.dk\/blog\/","logo":{"@type":"ImageObject","inLanguage":"da-DK","@id":"https:\/\/www.vita-explorers.dk\/blog\/#\/schema\/logo\/image\/","url":"https:\/\/www.globalong.com\/blog\/wp-content\/uploads\/2014\/11\/cropped-cropped-Logo-et-Afrique-Globalong-petite-taille-2.jpg","contentUrl":"https:\/\/www.globalong.com\/blog\/wp-content\/uploads\/2014\/11\/cropped-cropped-Logo-et-Afrique-Globalong-petite-taille-2.jpg","width":512,"height":512,"caption":"Association Globalong"},"image":{"@id":"https:\/\/www.vita-explorers.dk\/blog\/#\/schema\/logo\/image\/"},"sameAs":["https:\/\/www.facebook.com\/globalong"]}]}},"_links":{"self":[{"href":"https:\/\/www.vita-explorers.dk\/blog\/wp-json\/wp\/v2\/pages\/1161"}],"collection":[{"href":"https:\/\/www.vita-explorers.dk\/blog\/wp-json\/wp\/v2\/pages"}],"about":[{"href":"https:\/\/www.vita-explorers.dk\/blog\/wp-json\/wp\/v2\/types\/page"}],"author":[{"embeddable":true,"href":"https:\/\/www.vita-explorers.dk\/blog\/wp-json\/wp\/v2\/users\/1"}],"replies":[{"embeddable":true,"href":"https:\/\/www.vita-explorers.dk\/blog\/wp-json\/wp\/v2\/comments?post=1161"}],"version-history":[{"count":31,"href":"https:\/\/www.vita-explorers.dk\/blog\/wp-json\/wp\/v2\/pages\/1161\/revisions"}],"predecessor-version":[{"id":14091,"href":"https:\/\/www.vita-explorers.dk\/blog\/wp-json\/wp\/v2\/pages\/1161\/revisions\/14091"}],"up":[{"embeddable":true,"href":"https:\/\/www.vita-explorers.dk\/blog\/wp-json\/wp\/v2\/pages\/883"}],"wp:featuredmedia":[{"embeddable":true,"href":"https:\/\/www.vita-explorers.dk\/blog\/wp-json\/wp\/v2\/media\/1162"}],"wp:attachment":[{"href":"https:\/\/www.vita-explorers.dk\/blog\/wp-json\/wp\/v2\/media?parent=1161"}],"curies":[{"name":"wp","href":"https:\/\/api.w.org\/{rel}","templated":true}]}}