{"id":15293,"date":"2023-04-03T15:50:48","date_gmt":"2023-04-03T13:50:48","guid":{"rendered":"https:\/\/www.globalong.com\/blog\/?page_id=15293"},"modified":"2025-10-29T16:22:52","modified_gmt":"2025-10-29T15:22:52","slug":"bolivie-jean-christophe","status":"publish","type":"page","link":"https:\/\/www.vita-explorers.dk\/blog\/anmeldelser-oplevelser-vita\/bolivie-jean-christophe\/","title":{"rendered":"Bolivia &#8211; Jean-Christophe"},"content":{"rendered":"<p><strong>Efter et f\u00f8rste undervisningsforl\u00f8b i Colombia f\u00f8r pandemien besluttede Jean-Christophe at tage afsted igen \u2013 denne gang til Bolivia!<\/strong><\/p>\n<p><a href=\"https:\/\/www.vita-explorers.dk\/blog\/wp-content\/uploads\/2023\/04\/jc-en-bolivie.png\" target=\"_blank\" rel=\"noopener\"><img loading=\"lazy\" decoding=\"async\" class=\"alignnone wp-image-15294 size-full\" src=\"https:\/\/www.vita-explorers.dk\/blog\/wp-content\/uploads\/2023\/04\/jc-en-bolivie.png\" alt=\"\" width=\"2376\" height=\"846\" srcset=\"https:\/\/www.vita-explorers.dk\/blog\/wp-content\/uploads\/2023\/04\/jc-en-bolivie.png 2376w, https:\/\/www.vita-explorers.dk\/blog\/wp-content\/uploads\/2023\/04\/jc-en-bolivie-300x107.png 300w, https:\/\/www.vita-explorers.dk\/blog\/wp-content\/uploads\/2023\/04\/jc-en-bolivie-1024x365.png 1024w, https:\/\/www.vita-explorers.dk\/blog\/wp-content\/uploads\/2023\/04\/jc-en-bolivie-768x273.png 768w, https:\/\/www.vita-explorers.dk\/blog\/wp-content\/uploads\/2023\/04\/jc-en-bolivie-1536x547.png 1536w, https:\/\/www.vita-explorers.dk\/blog\/wp-content\/uploads\/2023\/04\/jc-en-bolivie-2048x729.png 2048w\" sizes=\"(max-width: 2376px) 100vw, 2376px\" \/><\/a><\/p>\n<p class=\"p1\" style=\"text-align: justify;\"><strong>Hans m\u00e5l var at st\u00f8tte skoleb\u00f8rn i deres engelskl\u00e6ring og dele sin viden.<\/strong><\/p>\n<p class=\"p1\" style=\"text-align: justify;\"><strong>Jean-Christophe valgte derfor at engagere sig i et b\u00f8rnecenter for udsatte b\u00f8rn og unge. Projektet er skabt for at st\u00f8tte b\u00f8rn og unge, som har levet eller arbejdet p\u00e5 gaden i Sucre. Der er to centre \u2013 \u00e9t for drenge og \u00e9t for piger. I alt er 120 b\u00f8rn og unge i alderen 6 til 17 \u00e5r i \u00f8jeblikket tilknyttet.<\/strong><\/p>\n<p class=\"p1\" style=\"text-align: justify;\"><strong>Af forskellige \u00e5rsager har de v\u00e6ret n\u00f8dt til \u2013 eller selv valgt \u2013 at leve med risikoen ved at bo eller arbejde p\u00e5 gaden. Med st\u00f8tte fra centret f\u00e5r de et mere stabilt udgangspunkt og bedre muligheder fremadrettet. Alle b\u00f8rn p\u00e5 centret g\u00e5r i skole, og der bliver ogs\u00e5 lavet workshops, som supplerer deres l\u00e6ring og dannelse. B\u00f8rnene f\u00e5r tre m\u00e5ltider om dagen, de n\u00f8dvendige skolematerialer og et trygt sted at sove.<\/strong><\/p>\n<p><a href=\"https:\/\/www.vita-explorers.dk\/blog\/wp-content\/uploads\/2023\/04\/bolivie-avec-jc.png\" target=\"_blank\" rel=\"noopener\"><img loading=\"lazy\" decoding=\"async\" class=\"alignnone wp-image-15296 size-full\" src=\"https:\/\/www.vita-explorers.dk\/blog\/wp-content\/uploads\/2023\/04\/bolivie-avec-jc.png\" alt=\"\" width=\"2376\" height=\"846\" srcset=\"https:\/\/www.vita-explorers.dk\/blog\/wp-content\/uploads\/2023\/04\/bolivie-avec-jc.png 2376w, https:\/\/www.vita-explorers.dk\/blog\/wp-content\/uploads\/2023\/04\/bolivie-avec-jc-300x107.png 300w, https:\/\/www.vita-explorers.dk\/blog\/wp-content\/uploads\/2023\/04\/bolivie-avec-jc-1024x365.png 1024w, https:\/\/www.vita-explorers.dk\/blog\/wp-content\/uploads\/2023\/04\/bolivie-avec-jc-768x273.png 768w, https:\/\/www.vita-explorers.dk\/blog\/wp-content\/uploads\/2023\/04\/bolivie-avec-jc-1536x547.png 1536w, https:\/\/www.vita-explorers.dk\/blog\/wp-content\/uploads\/2023\/04\/bolivie-avec-jc-2048x729.png 2048w\" sizes=\"(max-width: 2376px) 100vw, 2376px\" \/><\/a><\/p>\n<p class=\"p1\" style=\"text-align: justify;\"><strong>Jean-Christophes ophold gik rigtig godt, og han var heller ikke ny i den type forl\u00f8b. Hans r\u00e5d til kommende deltagere lyder derfor: <em>\u201cV\u00e6r klar til at omstille dig hurtigt \u2013 b\u00e5de ved ankomst og afrejse kommer \u00e6ndringerne (milj\u00f8, klima, vaner, st\u00f8j osv.) meget direkte.\u201d<\/em><\/strong><\/p>\n<p class=\"p1\" style=\"text-align: justify;\"><strong>Jean-Christophe fortalte ogs\u00e5, at noget af det, der virkelig satte pr\u00e6g p\u00e5 opholdet, var m\u00f8derne med lokalbefolkningen \u2013 som nogle gange er helt uventede! Vi slutter med en lille historie, han delte med os, og som fik os til at tr\u00e6kke p\u00e5 smileb\u00e5ndet.<\/strong><\/p>\n<p class=\"p1\" style=\"text-align: justify;\"><strong><em>\u201cVITAs forl\u00f8b er for mig et helt s\u00e6rligt menneskeligt eventyr, fordi man kommer i direkte kontakt med lokalbefolkningen. Et eksempel: p\u00e5 min f\u00f8rste dag, den 27. februar 2023, ledte jeg efter den rigtige minibus for at komme over p\u00e5 den anden side af Sucre, hvor det sociale center l\u00e5. Jeg spurgte en person, som pegede mig i den rigtige retning \u2013 og som selv skulle med samme bus. Vi gik sammen hen til stoppestedet, og jeg fortalte, at jeg underviste b\u00f8rn i s\u00e5rbare situationer i grundl\u00e6ggende engelsk. Undervejs endte det med, at jeg gav en lille \u201coffentlig\u201d engelsktime bagerst i bussen for tre andre, der ogs\u00e5 blev nysgerrige!\u201d<\/em><\/strong><\/p>\n<p class=\"p1\" style=\"text-align: justify;\"><strong>Teamet hos VITA Institute vil gerne sige en stor tak til Jean-Christophe for hans engagement i at styrke hverdagen for b\u00f8rnene.<\/strong><\/p>\n<p class=\"p1\" style=\"text-align: justify;\"><strong>Hvis du ogs\u00e5 er nysgerrig p\u00e5 et undervisningsforl\u00f8b i Bolivia og gerne vil h\u00f8re mere, er du meget velkommen til at kontakte os p\u00e5 <span style=\"text-decoration: underline;\"><a href=\"mailto:info@globalong.com\"><span class=\"s1\">info@globalong.com<\/span><\/a><\/span><\/strong><\/p>\n<p><a href=\"https:\/\/www.vita-explorers.dk\/blog\/wp-content\/uploads\/2023\/04\/mission-en-bolivie-jc.png\" target=\"_blank\" rel=\"noopener\"><img loading=\"lazy\" decoding=\"async\" class=\"alignnone wp-image-15295 size-full\" src=\"https:\/\/www.vita-explorers.dk\/blog\/wp-content\/uploads\/2023\/04\/mission-en-bolivie-jc.png\" alt=\"\" width=\"2376\" height=\"846\" srcset=\"https:\/\/www.vita-explorers.dk\/blog\/wp-content\/uploads\/2023\/04\/mission-en-bolivie-jc.png 2376w, https:\/\/www.vita-explorers.dk\/blog\/wp-content\/uploads\/2023\/04\/mission-en-bolivie-jc-300x107.png 300w, https:\/\/www.vita-explorers.dk\/blog\/wp-content\/uploads\/2023\/04\/mission-en-bolivie-jc-1024x365.png 1024w, https:\/\/www.vita-explorers.dk\/blog\/wp-content\/uploads\/2023\/04\/mission-en-bolivie-jc-768x273.png 768w, https:\/\/www.vita-explorers.dk\/blog\/wp-content\/uploads\/2023\/04\/mission-en-bolivie-jc-1536x547.png 1536w, https:\/\/www.vita-explorers.dk\/blog\/wp-content\/uploads\/2023\/04\/mission-en-bolivie-jc-2048x729.png 2048w\" sizes=\"(max-width: 2376px) 100vw, 2376px\" \/><\/a><\/p>\n","protected":false},"excerpt":{"rendered":"<p>Efter et f\u00f8rste undervisningsforl\u00f8b i Colombia f\u00f8r pandemien besluttede Jean-Christophe at tage afsted igen \u2013 denne gang til Bolivia! Hans m\u00e5l var at st\u00f8tte\u2026<\/p>\n","protected":false},"author":1,"featured_media":12348,"parent":883,"menu_order":0,"comment_status":"closed","ping_status":"closed","template":"","meta":{"footnotes":""},"yoast_head":"<!-- This site is optimized with the Yoast SEO Premium plugin v23.4 (Yoast SEO v23.4) - https:\/\/yoast.com\/wordpress\/plugins\/seo\/ -->\n<title>Bolivia - Jean-Christophe - VITA Explorers Blog<\/title>\n<meta name=\"robots\" content=\"index, follow, max-snippet:-1, max-image-preview:large, max-video-preview:-1\" \/>\n<link rel=\"canonical\" href=\"https:\/\/www.vita-explorers.dk\/blog\/anmeldelser-oplevelser-vita\/bolivie-jean-christophe\/\" \/>\n<meta property=\"og:locale\" content=\"da_DK\" \/>\n<meta property=\"og:type\" content=\"article\" \/>\n<meta property=\"og:title\" content=\"Bolivia - Jean-Christophe\" \/>\n<meta property=\"og:description\" content=\"Efter et f\u00f8rste undervisningsforl\u00f8b i Colombia f\u00f8r pandemien besluttede Jean-Christophe at tage afsted igen \u2013 denne gang til Bolivia! Hans m\u00e5l var at st\u00f8tte\u2026\" \/>\n<meta property=\"og:url\" content=\"https:\/\/www.vita-explorers.dk\/blog\/anmeldelser-oplevelser-vita\/bolivie-jean-christophe\/\" \/>\n<meta property=\"og:site_name\" content=\"VITA Explorers Blog\" \/>\n<meta property=\"article:publisher\" content=\"https:\/\/www.facebook.com\/globalong\" \/>\n<meta property=\"article:modified_time\" content=\"2025-10-29T15:22:52+00:00\" \/>\n<meta property=\"og:image\" content=\"https:\/\/www.vita-explorers.dk\/blog\/wp-content\/uploads\/2019\/01\/1-Rurrenabaque-San-Miguel-Voyage-Rurrenabaque-17.59-23.mars2015-1-min.jpg\" \/>\n\t<meta property=\"og:image:width\" content=\"1600\" \/>\n\t<meta property=\"og:image:height\" content=\"1067\" \/>\n\t<meta property=\"og:image:type\" content=\"image\/jpeg\" \/>\n<meta name=\"twitter:card\" content=\"summary_large_image\" \/>\n<meta name=\"twitter:label1\" content=\"Estimeret l\u00e6setid\" \/>\n\t<meta name=\"twitter:data1\" content=\"3 minutter\" \/>\n<script type=\"application\/ld+json\" class=\"yoast-schema-graph\">{\"@context\":\"https:\/\/schema.org\",\"@graph\":[{\"@type\":\"WebPage\",\"@id\":\"https:\/\/www.vita-explorers.dk\/blog\/anmeldelser-oplevelser-vita\/bolivie-jean-christophe\/\",\"url\":\"https:\/\/www.vita-explorers.dk\/blog\/anmeldelser-oplevelser-vita\/bolivie-jean-christophe\/\",\"name\":\"Bolivia - Jean-Christophe - VITA Explorers Blog\",\"isPartOf\":{\"@id\":\"https:\/\/www.vita-explorers.dk\/blog\/#website\"},\"primaryImageOfPage\":{\"@id\":\"https:\/\/www.vita-explorers.dk\/blog\/anmeldelser-oplevelser-vita\/bolivie-jean-christophe\/#primaryimage\"},\"image\":{\"@id\":\"https:\/\/www.vita-explorers.dk\/blog\/anmeldelser-oplevelser-vita\/bolivie-jean-christophe\/#primaryimage\"},\"thumbnailUrl\":\"https:\/\/www.vita-explorers.dk\/blog\/wp-content\/uploads\/2019\/01\/1-Rurrenabaque-San-Miguel-Voyage-Rurrenabaque-17.59-23.mars2015-1-min.jpg\",\"datePublished\":\"2023-04-03T13:50:48+00:00\",\"dateModified\":\"2025-10-29T15:22:52+00:00\",\"breadcrumb\":{\"@id\":\"https:\/\/www.vita-explorers.dk\/blog\/anmeldelser-oplevelser-vita\/bolivie-jean-christophe\/#breadcrumb\"},\"inLanguage\":\"da-DK\",\"potentialAction\":[{\"@type\":\"ReadAction\",\"target\":[\"https:\/\/www.vita-explorers.dk\/blog\/anmeldelser-oplevelser-vita\/bolivie-jean-christophe\/\"]}]},{\"@type\":\"ImageObject\",\"inLanguage\":\"da-DK\",\"@id\":\"https:\/\/www.vita-explorers.dk\/blog\/anmeldelser-oplevelser-vita\/bolivie-jean-christophe\/#primaryimage\",\"url\":\"https:\/\/www.vita-explorers.dk\/blog\/wp-content\/uploads\/2019\/01\/1-Rurrenabaque-San-Miguel-Voyage-Rurrenabaque-17.59-23.mars2015-1-min.jpg\",\"contentUrl\":\"https:\/\/www.vita-explorers.dk\/blog\/wp-content\/uploads\/2019\/01\/1-Rurrenabaque-San-Miguel-Voyage-Rurrenabaque-17.59-23.mars2015-1-min.jpg\",\"width\":1600,\"height\":1067,\"caption\":\"bolivie volontariat\"},{\"@type\":\"BreadcrumbList\",\"@id\":\"https:\/\/www.vita-explorers.dk\/blog\/anmeldelser-oplevelser-vita\/bolivie-jean-christophe\/#breadcrumb\",\"itemListElement\":[{\"@type\":\"ListItem\",\"position\":1,\"name\":\"Accueil\",\"item\":\"https:\/\/www.vita-explorers.dk\/blog\/\"},{\"@type\":\"ListItem\",\"position\":2,\"name\":\"Kritiske erfaringer og anmeldelser fra deltagere\",\"item\":\"https:\/\/www.vita-explorers.dk\/blog\/anmeldelser-oplevelser-vita\/\"},{\"@type\":\"ListItem\",\"position\":3,\"name\":\"Bolivia &#8211; Jean-Christophe\"}]},{\"@type\":\"WebSite\",\"@id\":\"https:\/\/www.vita-explorers.dk\/blog\/#website\",\"url\":\"https:\/\/www.vita-explorers.dk\/blog\/\",\"name\":\"Association Globalong\",\"description\":\"Frivilligt arbejde, sprogophold, praktik i udlandet og internationale oplevelser\",\"publisher\":{\"@id\":\"https:\/\/www.vita-explorers.dk\/blog\/#organization\"},\"potentialAction\":[{\"@type\":\"SearchAction\",\"target\":{\"@type\":\"EntryPoint\",\"urlTemplate\":\"https:\/\/www.vita-explorers.dk\/blog\/?s={search_term_string}\"},\"query-input\":{\"@type\":\"PropertyValueSpecification\",\"valueRequired\":true,\"valueName\":\"search_term_string\"}}],\"inLanguage\":\"da-DK\"},{\"@type\":\"Organization\",\"@id\":\"https:\/\/www.vita-explorers.dk\/blog\/#organization\",\"name\":\"Association Globalong\",\"url\":\"https:\/\/www.vita-explorers.dk\/blog\/\",\"logo\":{\"@type\":\"ImageObject\",\"inLanguage\":\"da-DK\",\"@id\":\"https:\/\/www.vita-explorers.dk\/blog\/#\/schema\/logo\/image\/\",\"url\":\"https:\/\/www.globalong.com\/blog\/wp-content\/uploads\/2014\/11\/cropped-cropped-Logo-et-Afrique-Globalong-petite-taille-2.jpg\",\"contentUrl\":\"https:\/\/www.globalong.com\/blog\/wp-content\/uploads\/2014\/11\/cropped-cropped-Logo-et-Afrique-Globalong-petite-taille-2.jpg\",\"width\":512,\"height\":512,\"caption\":\"Association Globalong\"},\"image\":{\"@id\":\"https:\/\/www.vita-explorers.dk\/blog\/#\/schema\/logo\/image\/\"},\"sameAs\":[\"https:\/\/www.facebook.com\/globalong\"]}]}<\/script>\n<!-- \/ Yoast SEO Premium plugin. -->","yoast_head_json":{"title":"Bolivia - Jean-Christophe - VITA Explorers Blog","robots":{"index":"index","follow":"follow","max-snippet":"max-snippet:-1","max-image-preview":"max-image-preview:large","max-video-preview":"max-video-preview:-1"},"canonical":"https:\/\/www.vita-explorers.dk\/blog\/anmeldelser-oplevelser-vita\/bolivie-jean-christophe\/","og_locale":"da_DK","og_type":"article","og_title":"Bolivia - Jean-Christophe","og_description":"Efter et f\u00f8rste undervisningsforl\u00f8b i Colombia f\u00f8r pandemien besluttede Jean-Christophe at tage afsted igen \u2013 denne gang til Bolivia! Hans m\u00e5l var at st\u00f8tte\u2026","og_url":"https:\/\/www.vita-explorers.dk\/blog\/anmeldelser-oplevelser-vita\/bolivie-jean-christophe\/","og_site_name":"VITA Explorers Blog","article_publisher":"https:\/\/www.facebook.com\/globalong","article_modified_time":"2025-10-29T15:22:52+00:00","og_image":[{"width":1600,"height":1067,"url":"https:\/\/www.vita-explorers.dk\/blog\/wp-content\/uploads\/2019\/01\/1-Rurrenabaque-San-Miguel-Voyage-Rurrenabaque-17.59-23.mars2015-1-min.jpg","type":"image\/jpeg"}],"twitter_card":"summary_large_image","twitter_misc":{"Estimeret l\u00e6setid":"3 minutter"},"schema":{"@context":"https:\/\/schema.org","@graph":[{"@type":"WebPage","@id":"https:\/\/www.vita-explorers.dk\/blog\/anmeldelser-oplevelser-vita\/bolivie-jean-christophe\/","url":"https:\/\/www.vita-explorers.dk\/blog\/anmeldelser-oplevelser-vita\/bolivie-jean-christophe\/","name":"Bolivia - Jean-Christophe - VITA Explorers Blog","isPartOf":{"@id":"https:\/\/www.vita-explorers.dk\/blog\/#website"},"primaryImageOfPage":{"@id":"https:\/\/www.vita-explorers.dk\/blog\/anmeldelser-oplevelser-vita\/bolivie-jean-christophe\/#primaryimage"},"image":{"@id":"https:\/\/www.vita-explorers.dk\/blog\/anmeldelser-oplevelser-vita\/bolivie-jean-christophe\/#primaryimage"},"thumbnailUrl":"https:\/\/www.vita-explorers.dk\/blog\/wp-content\/uploads\/2019\/01\/1-Rurrenabaque-San-Miguel-Voyage-Rurrenabaque-17.59-23.mars2015-1-min.jpg","datePublished":"2023-04-03T13:50:48+00:00","dateModified":"2025-10-29T15:22:52+00:00","breadcrumb":{"@id":"https:\/\/www.vita-explorers.dk\/blog\/anmeldelser-oplevelser-vita\/bolivie-jean-christophe\/#breadcrumb"},"inLanguage":"da-DK","potentialAction":[{"@type":"ReadAction","target":["https:\/\/www.vita-explorers.dk\/blog\/anmeldelser-oplevelser-vita\/bolivie-jean-christophe\/"]}]},{"@type":"ImageObject","inLanguage":"da-DK","@id":"https:\/\/www.vita-explorers.dk\/blog\/anmeldelser-oplevelser-vita\/bolivie-jean-christophe\/#primaryimage","url":"https:\/\/www.vita-explorers.dk\/blog\/wp-content\/uploads\/2019\/01\/1-Rurrenabaque-San-Miguel-Voyage-Rurrenabaque-17.59-23.mars2015-1-min.jpg","contentUrl":"https:\/\/www.vita-explorers.dk\/blog\/wp-content\/uploads\/2019\/01\/1-Rurrenabaque-San-Miguel-Voyage-Rurrenabaque-17.59-23.mars2015-1-min.jpg","width":1600,"height":1067,"caption":"bolivie volontariat"},{"@type":"BreadcrumbList","@id":"https:\/\/www.vita-explorers.dk\/blog\/anmeldelser-oplevelser-vita\/bolivie-jean-christophe\/#breadcrumb","itemListElement":[{"@type":"ListItem","position":1,"name":"Accueil","item":"https:\/\/www.vita-explorers.dk\/blog\/"},{"@type":"ListItem","position":2,"name":"Kritiske erfaringer og anmeldelser fra deltagere","item":"https:\/\/www.vita-explorers.dk\/blog\/anmeldelser-oplevelser-vita\/"},{"@type":"ListItem","position":3,"name":"Bolivia &#8211; Jean-Christophe"}]},{"@type":"WebSite","@id":"https:\/\/www.vita-explorers.dk\/blog\/#website","url":"https:\/\/www.vita-explorers.dk\/blog\/","name":"Association Globalong","description":"Frivilligt arbejde, sprogophold, praktik i udlandet og internationale oplevelser","publisher":{"@id":"https:\/\/www.vita-explorers.dk\/blog\/#organization"},"potentialAction":[{"@type":"SearchAction","target":{"@type":"EntryPoint","urlTemplate":"https:\/\/www.vita-explorers.dk\/blog\/?s={search_term_string}"},"query-input":{"@type":"PropertyValueSpecification","valueRequired":true,"valueName":"search_term_string"}}],"inLanguage":"da-DK"},{"@type":"Organization","@id":"https:\/\/www.vita-explorers.dk\/blog\/#organization","name":"Association Globalong","url":"https:\/\/www.vita-explorers.dk\/blog\/","logo":{"@type":"ImageObject","inLanguage":"da-DK","@id":"https:\/\/www.vita-explorers.dk\/blog\/#\/schema\/logo\/image\/","url":"https:\/\/www.globalong.com\/blog\/wp-content\/uploads\/2014\/11\/cropped-cropped-Logo-et-Afrique-Globalong-petite-taille-2.jpg","contentUrl":"https:\/\/www.globalong.com\/blog\/wp-content\/uploads\/2014\/11\/cropped-cropped-Logo-et-Afrique-Globalong-petite-taille-2.jpg","width":512,"height":512,"caption":"Association Globalong"},"image":{"@id":"https:\/\/www.vita-explorers.dk\/blog\/#\/schema\/logo\/image\/"},"sameAs":["https:\/\/www.facebook.com\/globalong"]}]}},"_links":{"self":[{"href":"https:\/\/www.vita-explorers.dk\/blog\/wp-json\/wp\/v2\/pages\/15293"}],"collection":[{"href":"https:\/\/www.vita-explorers.dk\/blog\/wp-json\/wp\/v2\/pages"}],"about":[{"href":"https:\/\/www.vita-explorers.dk\/blog\/wp-json\/wp\/v2\/types\/page"}],"author":[{"embeddable":true,"href":"https:\/\/www.vita-explorers.dk\/blog\/wp-json\/wp\/v2\/users\/1"}],"replies":[{"embeddable":true,"href":"https:\/\/www.vita-explorers.dk\/blog\/wp-json\/wp\/v2\/comments?post=15293"}],"version-history":[{"count":2,"href":"https:\/\/www.vita-explorers.dk\/blog\/wp-json\/wp\/v2\/pages\/15293\/revisions"}],"predecessor-version":[{"id":22157,"href":"https:\/\/www.vita-explorers.dk\/blog\/wp-json\/wp\/v2\/pages\/15293\/revisions\/22157"}],"up":[{"embeddable":true,"href":"https:\/\/www.vita-explorers.dk\/blog\/wp-json\/wp\/v2\/pages\/883"}],"wp:featuredmedia":[{"embeddable":true,"href":"https:\/\/www.vita-explorers.dk\/blog\/wp-json\/wp\/v2\/media\/12348"}],"wp:attachment":[{"href":"https:\/\/www.vita-explorers.dk\/blog\/wp-json\/wp\/v2\/media?parent=15293"}],"curies":[{"name":"wp","href":"https:\/\/api.w.org\/{rel}","templated":true}]}}