{"id":15516,"date":"2023-07-26T17:47:03","date_gmt":"2023-07-26T15:47:03","guid":{"rendered":"https:\/\/www.globalong.com\/blog\/?page_id=15516"},"modified":"2025-11-12T16:04:46","modified_gmt":"2025-11-12T15:04:46","slug":"colombie-iris","status":"publish","type":"page","link":"https:\/\/www.vita-explorers.dk\/blog\/anmeldelser-oplevelser-vita\/colombie-iris\/","title":{"rendered":"Colombia \u2013 Iris"},"content":{"rendered":"<p class=\"p2\" style=\"text-align: center;\"><strong>Iris, medlem af <span style=\"text-decoration: underline;\"><a href=\"https:\/\/www.vita-explorers.dk\/association-globalong.html\" target=\"_blank\" rel=\"noopener\">VITA Institute<\/a><\/span> og nyligt afsted p\u00e5 et <span style=\"text-decoration: underline;\"><a href=\"https:\/\/www.vita-explorers.dk\/frivilligt-arbejde\/colombia-frivilligt-arbejde-internationalt-vita-erfaringer-service\/forening-ngo-frivilligt-arbejde-socialt-colombia-boern-aktiviteter.html\" target=\"_blank\" rel=\"noopener\">socialt st\u00f8tteforl\u00f8b i Colombia<\/a><\/span>, deler sine oplevelser:<\/strong><\/p>\n<p class=\"p2\">\u00ab Jeg havde lyst til at rejse for at opleve et andet land p\u00e5 en anderledes m\u00e5de og deltage i frivilligt arbejde.<\/p>\n<p class=\"p2\">Jeg har kun gode ting at sige om den st\u00f8tte og forberedelse, jeg fik fra VITA.<\/p>\n<p class=\"p2\">Om programmet i <a href=\"https:\/\/www.vita-explorers.dk\/blog\/humanit\u00e6rt-ophold-colombia-2026\/\" target=\"_blank\" rel=\"noopener\">Colombia<\/a>: I den f\u00f8rste uge var jeg om formiddagen p\u00e5 et plejehjem og om eftermiddagen i et ungdomscenter. I den anden uge var jeg om formiddagen p\u00e5 en skole med naturfagsaktiviteter, og om eftermiddagen var jeg i ungdomscentret.<\/p>\n<p class=\"p3\">Af materialer havde jeg adgang til kort, huskespil, bolde, farveblyanter \u2026<\/p>\n<p class=\"p3\">Jeg har f\u00e5et ny viden \u2013 blandt andet andre p\u00e6dagogiske tilgange og ogs\u00e5 typiske colombianske ord.<\/p>\n<p class=\"p3\">Mit r\u00e5d til kommende deltagere er at tage til Colombia, fordi Blanca, koordinatoren, er helt fantastisk, n\u00e5r man skal l\u00e6re frivilligt arbejde at kende!<\/p>\n<p class=\"p3\">Forl\u00f8bet overgik mine forventninger, fordi jeg aldrig f\u00f8r havde v\u00e6ret p\u00e5 et internationalt forl\u00f8b.<\/p>\n<p class=\"p3\">Det gav mig et andet blik p\u00e5 Colombia, ny viden om p\u00e6dagogik og kultur \u2013 og m\u00f8der, jeg ikke glemmer.<\/p>\n<p class=\"p3\">Til forberedelsen st\u00e5r alt i VITAs rejseguide, og den lokale koordinator Blanca forklarer ogs\u00e5 det hele \u2013 blandt andet om transport og hvordan man kommer rundt.<\/p>\n<p class=\"p3\">For mig betyder frivilligt engagement internationalt at give sin egen tid for at st\u00f8tte andre mennesker i et andet land, som kan v\u00e6re mere eller mindre s\u00e5rbare.<\/p>\n<p class=\"p3\">Forl\u00f8bet f\u00e5r betydning for mit fremtidige arbejde som CPE. \u00bb<\/p>\n<p class=\"p3\"><strong>Endnu en gang tak til Iris for hendes engagement! Se billeder fra hendes forl\u00f8b i Colombia!<\/strong><\/p>\n<p><a href=\"https:\/\/www.vita-explorers.dk\/blog\/wp-content\/uploads\/2023\/08\/benevolat-en-colombie-1.jpeg\" target=\"_blank\" rel=\"noopener\"><img loading=\"lazy\" decoding=\"async\" class=\"wp-image-15592 size-full aligncenter\" src=\"https:\/\/www.vita-explorers.dk\/blog\/wp-content\/uploads\/2023\/08\/benevolat-en-colombie-1.jpeg\" alt=\"\" width=\"1200\" height=\"1600\" srcset=\"https:\/\/www.vita-explorers.dk\/blog\/wp-content\/uploads\/2023\/08\/benevolat-en-colombie-1.jpeg 1200w, https:\/\/www.vita-explorers.dk\/blog\/wp-content\/uploads\/2023\/08\/benevolat-en-colombie-1-225x300.jpeg 225w, https:\/\/www.vita-explorers.dk\/blog\/wp-content\/uploads\/2023\/08\/benevolat-en-colombie-1-768x1024.jpeg 768w, https:\/\/www.vita-explorers.dk\/blog\/wp-content\/uploads\/2023\/08\/benevolat-en-colombie-1-1152x1536.jpeg 1152w\" sizes=\"(max-width: 1200px) 100vw, 1200px\" \/><\/a><\/p>\n<p><a href=\"https:\/\/www.vita-explorers.dk\/blog\/wp-content\/uploads\/2023\/08\/volontariat-en-colombie.jpeg\" target=\"_blank\" rel=\"noopener\"><img loading=\"lazy\" decoding=\"async\" class=\"wp-image-15594 size-full aligncenter\" src=\"https:\/\/www.vita-explorers.dk\/blog\/wp-content\/uploads\/2023\/08\/volontariat-en-colombie.jpeg\" alt=\"\" width=\"1200\" height=\"1600\" srcset=\"https:\/\/www.vita-explorers.dk\/blog\/wp-content\/uploads\/2023\/08\/volontariat-en-colombie.jpeg 1200w, https:\/\/www.vita-explorers.dk\/blog\/wp-content\/uploads\/2023\/08\/volontariat-en-colombie-225x300.jpeg 225w, https:\/\/www.vita-explorers.dk\/blog\/wp-content\/uploads\/2023\/08\/volontariat-en-colombie-768x1024.jpeg 768w, https:\/\/www.vita-explorers.dk\/blog\/wp-content\/uploads\/2023\/08\/volontariat-en-colombie-1152x1536.jpeg 1152w\" sizes=\"(max-width: 1200px) 100vw, 1200px\" \/><\/a> <a href=\"https:\/\/www.vita-explorers.dk\/blog\/wp-content\/uploads\/2023\/08\/volontariat-humanitaire-colombie.jpeg\" target=\"_blank\" rel=\"noopener\"><img loading=\"lazy\" decoding=\"async\" class=\"alignnone wp-image-15595 size-full\" src=\"https:\/\/www.vita-explorers.dk\/blog\/wp-content\/uploads\/2023\/08\/volontariat-humanitaire-colombie.jpeg\" alt=\"\" width=\"1600\" height=\"1200\" srcset=\"https:\/\/www.vita-explorers.dk\/blog\/wp-content\/uploads\/2023\/08\/volontariat-humanitaire-colombie.jpeg 1600w, https:\/\/www.vita-explorers.dk\/blog\/wp-content\/uploads\/2023\/08\/volontariat-humanitaire-colombie-300x225.jpeg 300w, https:\/\/www.vita-explorers.dk\/blog\/wp-content\/uploads\/2023\/08\/volontariat-humanitaire-colombie-1024x768.jpeg 1024w, https:\/\/www.vita-explorers.dk\/blog\/wp-content\/uploads\/2023\/08\/volontariat-humanitaire-colombie-768x576.jpeg 768w, https:\/\/www.vita-explorers.dk\/blog\/wp-content\/uploads\/2023\/08\/volontariat-humanitaire-colombie-1536x1152.jpeg 1536w\" sizes=\"(max-width: 1600px) 100vw, 1600px\" \/><\/a><\/p>\n<p class=\"p4\" style=\"text-align: center;\"><b>Hvis du vil vide mere, er du velkommen til at kontakte os p\u00e5 <\/b><a href=\"mailto:info@globalong.com\"><span class=\"s2\"><b>info@globalong.com<\/b><\/span><\/a><\/p>\n<p class=\"p4\" style=\"text-align: center;\"><b>Vil du vide mere om VITA Institute og vores medlemmer, s\u00e5 f\u00f8lg med p\u00e5 <\/b><a href=\"https:\/\/www.instagram.com\/globalongofficiel\/\"><span class=\"s2\"><b>Instagram<\/b><\/span><\/a><b>, <\/b><a href=\"https:\/\/www.facebook.com\/globalong\"><span class=\"s2\"><b>Facebook<\/b><\/span><\/a><b>, <\/b><a href=\"https:\/\/www.linkedin.com\/company\/5113177\/admin\/feed\/posts\/\"><span class=\"s2\"><b>LinkedIn<\/b><\/span><\/a><b> og <\/b><a href=\"https:\/\/www.youtube.com\/c\/globalong\/videos\"><span class=\"s2\"><b>Youtube<\/b><\/span><\/a><b> ! <\/b><\/p>\n","protected":false},"excerpt":{"rendered":"<p>Iris, medlem af VITA Institute og nyligt afsted p\u00e5 et socialt st\u00f8tteforl\u00f8b i Colombia, deler sine oplevelser: \u00ab Jeg havde lyst til at rejse\u2026<\/p>\n","protected":false},"author":1,"featured_media":15591,"parent":883,"menu_order":0,"comment_status":"closed","ping_status":"closed","template":"","meta":{"footnotes":""},"yoast_head":"<!-- This site is optimized with the Yoast SEO Premium plugin v23.4 (Yoast SEO v23.4) - https:\/\/yoast.com\/wordpress\/plugins\/seo\/ -->\n<title>Colombia \u2013 Iris - VITA Explorers Blog<\/title>\n<meta name=\"robots\" content=\"index, follow, max-snippet:-1, max-image-preview:large, max-video-preview:-1\" \/>\n<link rel=\"canonical\" href=\"https:\/\/www.vita-explorers.dk\/blog\/anmeldelser-oplevelser-vita\/colombie-iris\/\" \/>\n<meta property=\"og:locale\" content=\"da_DK\" \/>\n<meta property=\"og:type\" content=\"article\" \/>\n<meta property=\"og:title\" content=\"Colombia \u2013 Iris\" \/>\n<meta property=\"og:description\" content=\"Iris, medlem af VITA Institute og nyligt afsted p\u00e5 et socialt st\u00f8tteforl\u00f8b i Colombia, deler sine oplevelser: \u00ab Jeg havde lyst til at rejse\u2026\" \/>\n<meta property=\"og:url\" content=\"https:\/\/www.vita-explorers.dk\/blog\/anmeldelser-oplevelser-vita\/colombie-iris\/\" \/>\n<meta property=\"og:site_name\" content=\"VITA Explorers Blog\" \/>\n<meta property=\"article:publisher\" content=\"https:\/\/www.facebook.com\/globalong\" \/>\n<meta property=\"article:modified_time\" content=\"2025-11-12T15:04:46+00:00\" \/>\n<meta property=\"og:image\" content=\"https:\/\/www.vita-explorers.dk\/blog\/wp-content\/uploads\/2023\/08\/mission-humanitaire-en-colombie.jpeg\" \/>\n\t<meta property=\"og:image:width\" content=\"1600\" \/>\n\t<meta property=\"og:image:height\" content=\"1200\" \/>\n\t<meta property=\"og:image:type\" content=\"image\/jpeg\" \/>\n<meta name=\"twitter:card\" content=\"summary_large_image\" \/>\n<meta name=\"twitter:label1\" content=\"Estimeret l\u00e6setid\" \/>\n\t<meta name=\"twitter:data1\" content=\"3 minutter\" \/>\n<script type=\"application\/ld+json\" class=\"yoast-schema-graph\">{\"@context\":\"https:\/\/schema.org\",\"@graph\":[{\"@type\":\"WebPage\",\"@id\":\"https:\/\/www.vita-explorers.dk\/blog\/anmeldelser-oplevelser-vita\/colombie-iris\/\",\"url\":\"https:\/\/www.vita-explorers.dk\/blog\/anmeldelser-oplevelser-vita\/colombie-iris\/\",\"name\":\"Colombia \u2013 Iris - VITA Explorers Blog\",\"isPartOf\":{\"@id\":\"https:\/\/www.vita-explorers.dk\/blog\/#website\"},\"primaryImageOfPage\":{\"@id\":\"https:\/\/www.vita-explorers.dk\/blog\/anmeldelser-oplevelser-vita\/colombie-iris\/#primaryimage\"},\"image\":{\"@id\":\"https:\/\/www.vita-explorers.dk\/blog\/anmeldelser-oplevelser-vita\/colombie-iris\/#primaryimage\"},\"thumbnailUrl\":\"https:\/\/www.vita-explorers.dk\/blog\/wp-content\/uploads\/2023\/08\/mission-humanitaire-en-colombie.jpeg\",\"datePublished\":\"2023-07-26T15:47:03+00:00\",\"dateModified\":\"2025-11-12T15:04:46+00:00\",\"breadcrumb\":{\"@id\":\"https:\/\/www.vita-explorers.dk\/blog\/anmeldelser-oplevelser-vita\/colombie-iris\/#breadcrumb\"},\"inLanguage\":\"da-DK\",\"potentialAction\":[{\"@type\":\"ReadAction\",\"target\":[\"https:\/\/www.vita-explorers.dk\/blog\/anmeldelser-oplevelser-vita\/colombie-iris\/\"]}]},{\"@type\":\"ImageObject\",\"inLanguage\":\"da-DK\",\"@id\":\"https:\/\/www.vita-explorers.dk\/blog\/anmeldelser-oplevelser-vita\/colombie-iris\/#primaryimage\",\"url\":\"https:\/\/www.vita-explorers.dk\/blog\/wp-content\/uploads\/2023\/08\/mission-humanitaire-en-colombie.jpeg\",\"contentUrl\":\"https:\/\/www.vita-explorers.dk\/blog\/wp-content\/uploads\/2023\/08\/mission-humanitaire-en-colombie.jpeg\",\"width\":1600,\"height\":1200,\"caption\":\"Mission de b\u00e9n\u00e9volat en Colombie\"},{\"@type\":\"BreadcrumbList\",\"@id\":\"https:\/\/www.vita-explorers.dk\/blog\/anmeldelser-oplevelser-vita\/colombie-iris\/#breadcrumb\",\"itemListElement\":[{\"@type\":\"ListItem\",\"position\":1,\"name\":\"Accueil\",\"item\":\"https:\/\/www.vita-explorers.dk\/blog\/\"},{\"@type\":\"ListItem\",\"position\":2,\"name\":\"Kritiske erfaringer og anmeldelser fra deltagere\",\"item\":\"https:\/\/www.vita-explorers.dk\/blog\/anmeldelser-oplevelser-vita\/\"},{\"@type\":\"ListItem\",\"position\":3,\"name\":\"Colombia \u2013 Iris\"}]},{\"@type\":\"WebSite\",\"@id\":\"https:\/\/www.vita-explorers.dk\/blog\/#website\",\"url\":\"https:\/\/www.vita-explorers.dk\/blog\/\",\"name\":\"Association Globalong\",\"description\":\"Frivilligt arbejde, sprogophold, praktik i udlandet og internationale oplevelser\",\"publisher\":{\"@id\":\"https:\/\/www.vita-explorers.dk\/blog\/#organization\"},\"potentialAction\":[{\"@type\":\"SearchAction\",\"target\":{\"@type\":\"EntryPoint\",\"urlTemplate\":\"https:\/\/www.vita-explorers.dk\/blog\/?s={search_term_string}\"},\"query-input\":{\"@type\":\"PropertyValueSpecification\",\"valueRequired\":true,\"valueName\":\"search_term_string\"}}],\"inLanguage\":\"da-DK\"},{\"@type\":\"Organization\",\"@id\":\"https:\/\/www.vita-explorers.dk\/blog\/#organization\",\"name\":\"Association Globalong\",\"url\":\"https:\/\/www.vita-explorers.dk\/blog\/\",\"logo\":{\"@type\":\"ImageObject\",\"inLanguage\":\"da-DK\",\"@id\":\"https:\/\/www.vita-explorers.dk\/blog\/#\/schema\/logo\/image\/\",\"url\":\"https:\/\/www.globalong.com\/blog\/wp-content\/uploads\/2014\/11\/cropped-cropped-Logo-et-Afrique-Globalong-petite-taille-2.jpg\",\"contentUrl\":\"https:\/\/www.globalong.com\/blog\/wp-content\/uploads\/2014\/11\/cropped-cropped-Logo-et-Afrique-Globalong-petite-taille-2.jpg\",\"width\":512,\"height\":512,\"caption\":\"Association Globalong\"},\"image\":{\"@id\":\"https:\/\/www.vita-explorers.dk\/blog\/#\/schema\/logo\/image\/\"},\"sameAs\":[\"https:\/\/www.facebook.com\/globalong\"]}]}<\/script>\n<!-- \/ Yoast SEO Premium plugin. -->","yoast_head_json":{"title":"Colombia \u2013 Iris - VITA Explorers Blog","robots":{"index":"index","follow":"follow","max-snippet":"max-snippet:-1","max-image-preview":"max-image-preview:large","max-video-preview":"max-video-preview:-1"},"canonical":"https:\/\/www.vita-explorers.dk\/blog\/anmeldelser-oplevelser-vita\/colombie-iris\/","og_locale":"da_DK","og_type":"article","og_title":"Colombia \u2013 Iris","og_description":"Iris, medlem af VITA Institute og nyligt afsted p\u00e5 et socialt st\u00f8tteforl\u00f8b i Colombia, deler sine oplevelser: \u00ab Jeg havde lyst til at rejse\u2026","og_url":"https:\/\/www.vita-explorers.dk\/blog\/anmeldelser-oplevelser-vita\/colombie-iris\/","og_site_name":"VITA Explorers Blog","article_publisher":"https:\/\/www.facebook.com\/globalong","article_modified_time":"2025-11-12T15:04:46+00:00","og_image":[{"width":1600,"height":1200,"url":"https:\/\/www.vita-explorers.dk\/blog\/wp-content\/uploads\/2023\/08\/mission-humanitaire-en-colombie.jpeg","type":"image\/jpeg"}],"twitter_card":"summary_large_image","twitter_misc":{"Estimeret l\u00e6setid":"3 minutter"},"schema":{"@context":"https:\/\/schema.org","@graph":[{"@type":"WebPage","@id":"https:\/\/www.vita-explorers.dk\/blog\/anmeldelser-oplevelser-vita\/colombie-iris\/","url":"https:\/\/www.vita-explorers.dk\/blog\/anmeldelser-oplevelser-vita\/colombie-iris\/","name":"Colombia \u2013 Iris - VITA Explorers Blog","isPartOf":{"@id":"https:\/\/www.vita-explorers.dk\/blog\/#website"},"primaryImageOfPage":{"@id":"https:\/\/www.vita-explorers.dk\/blog\/anmeldelser-oplevelser-vita\/colombie-iris\/#primaryimage"},"image":{"@id":"https:\/\/www.vita-explorers.dk\/blog\/anmeldelser-oplevelser-vita\/colombie-iris\/#primaryimage"},"thumbnailUrl":"https:\/\/www.vita-explorers.dk\/blog\/wp-content\/uploads\/2023\/08\/mission-humanitaire-en-colombie.jpeg","datePublished":"2023-07-26T15:47:03+00:00","dateModified":"2025-11-12T15:04:46+00:00","breadcrumb":{"@id":"https:\/\/www.vita-explorers.dk\/blog\/anmeldelser-oplevelser-vita\/colombie-iris\/#breadcrumb"},"inLanguage":"da-DK","potentialAction":[{"@type":"ReadAction","target":["https:\/\/www.vita-explorers.dk\/blog\/anmeldelser-oplevelser-vita\/colombie-iris\/"]}]},{"@type":"ImageObject","inLanguage":"da-DK","@id":"https:\/\/www.vita-explorers.dk\/blog\/anmeldelser-oplevelser-vita\/colombie-iris\/#primaryimage","url":"https:\/\/www.vita-explorers.dk\/blog\/wp-content\/uploads\/2023\/08\/mission-humanitaire-en-colombie.jpeg","contentUrl":"https:\/\/www.vita-explorers.dk\/blog\/wp-content\/uploads\/2023\/08\/mission-humanitaire-en-colombie.jpeg","width":1600,"height":1200,"caption":"Mission de b\u00e9n\u00e9volat en Colombie"},{"@type":"BreadcrumbList","@id":"https:\/\/www.vita-explorers.dk\/blog\/anmeldelser-oplevelser-vita\/colombie-iris\/#breadcrumb","itemListElement":[{"@type":"ListItem","position":1,"name":"Accueil","item":"https:\/\/www.vita-explorers.dk\/blog\/"},{"@type":"ListItem","position":2,"name":"Kritiske erfaringer og anmeldelser fra deltagere","item":"https:\/\/www.vita-explorers.dk\/blog\/anmeldelser-oplevelser-vita\/"},{"@type":"ListItem","position":3,"name":"Colombia \u2013 Iris"}]},{"@type":"WebSite","@id":"https:\/\/www.vita-explorers.dk\/blog\/#website","url":"https:\/\/www.vita-explorers.dk\/blog\/","name":"Association Globalong","description":"Frivilligt arbejde, sprogophold, praktik i udlandet og internationale oplevelser","publisher":{"@id":"https:\/\/www.vita-explorers.dk\/blog\/#organization"},"potentialAction":[{"@type":"SearchAction","target":{"@type":"EntryPoint","urlTemplate":"https:\/\/www.vita-explorers.dk\/blog\/?s={search_term_string}"},"query-input":{"@type":"PropertyValueSpecification","valueRequired":true,"valueName":"search_term_string"}}],"inLanguage":"da-DK"},{"@type":"Organization","@id":"https:\/\/www.vita-explorers.dk\/blog\/#organization","name":"Association Globalong","url":"https:\/\/www.vita-explorers.dk\/blog\/","logo":{"@type":"ImageObject","inLanguage":"da-DK","@id":"https:\/\/www.vita-explorers.dk\/blog\/#\/schema\/logo\/image\/","url":"https:\/\/www.globalong.com\/blog\/wp-content\/uploads\/2014\/11\/cropped-cropped-Logo-et-Afrique-Globalong-petite-taille-2.jpg","contentUrl":"https:\/\/www.globalong.com\/blog\/wp-content\/uploads\/2014\/11\/cropped-cropped-Logo-et-Afrique-Globalong-petite-taille-2.jpg","width":512,"height":512,"caption":"Association Globalong"},"image":{"@id":"https:\/\/www.vita-explorers.dk\/blog\/#\/schema\/logo\/image\/"},"sameAs":["https:\/\/www.facebook.com\/globalong"]}]}},"_links":{"self":[{"href":"https:\/\/www.vita-explorers.dk\/blog\/wp-json\/wp\/v2\/pages\/15516"}],"collection":[{"href":"https:\/\/www.vita-explorers.dk\/blog\/wp-json\/wp\/v2\/pages"}],"about":[{"href":"https:\/\/www.vita-explorers.dk\/blog\/wp-json\/wp\/v2\/types\/page"}],"author":[{"embeddable":true,"href":"https:\/\/www.vita-explorers.dk\/blog\/wp-json\/wp\/v2\/users\/1"}],"replies":[{"embeddable":true,"href":"https:\/\/www.vita-explorers.dk\/blog\/wp-json\/wp\/v2\/comments?post=15516"}],"version-history":[{"count":6,"href":"https:\/\/www.vita-explorers.dk\/blog\/wp-json\/wp\/v2\/pages\/15516\/revisions"}],"predecessor-version":[{"id":22489,"href":"https:\/\/www.vita-explorers.dk\/blog\/wp-json\/wp\/v2\/pages\/15516\/revisions\/22489"}],"up":[{"embeddable":true,"href":"https:\/\/www.vita-explorers.dk\/blog\/wp-json\/wp\/v2\/pages\/883"}],"wp:featuredmedia":[{"embeddable":true,"href":"https:\/\/www.vita-explorers.dk\/blog\/wp-json\/wp\/v2\/media\/15591"}],"wp:attachment":[{"href":"https:\/\/www.vita-explorers.dk\/blog\/wp-json\/wp\/v2\/media?parent=15516"}],"curies":[{"name":"wp","href":"https:\/\/api.w.org\/{rel}","templated":true}]}}