{"id":15794,"date":"2023-11-06T17:57:02","date_gmt":"2023-11-06T16:57:02","guid":{"rendered":"https:\/\/www.globalong.com\/blog\/?page_id=15794"},"modified":"2023-11-06T17:57:02","modified_gmt":"2023-11-06T16:57:02","slug":"cuba-eva","status":"publish","type":"page","link":"https:\/\/www.vita-explorers.dk\/blog\/anmeldelser-oplevelser-vita\/cuba-eva\/","title":{"rendered":"Cuba &#8211; Eva"},"content":{"rendered":"<p style=\"text-align: center;\"><strong>Eva, medlem af VITA, og nyligt afsted p\u00e5 et forl\u00f8b i Cuba, deler sine oplevelser:<\/strong><\/p>\n<p class=\"p1\" style=\"text-align: justify;\">Jeg rejste afsted for at blive bedre til spansk, opleve en ny kultur og bidrage til unges l\u00e6ring i et land, hvor uddannelse virkelig kan \u00e6ndre et liv. At give omsorg, v\u00e6re menneske, dele!<\/p>\n<p class=\"p1\" style=\"text-align: justify;\">Jeg har intet negativt at sige. En virkelig fantastisk oplevelse!<\/p>\n<p class=\"p1\" style=\"text-align: justify;\">Mine daglige opgaver var at indrette et sted midt i Havana, s\u00e5 det kunne tage imod b\u00f8rnene ved skolestart, dele aktiviteter om naturen og arbejde med b\u00f8rnenes forskellige styrker (maling, havearbejde, tid sammen med b\u00f8rnene osv.). At give omsorg er det vigtigste!<\/p>\n<p class=\"p1\" style=\"text-align: justify;\">Af materialer havde vi maling, pensler, haveredskaber og spil til r\u00e5dighed.<\/p>\n<p class=\"p1\" style=\"text-align: justify;\">Det, jeg fik ud af forl\u00f8bet:<\/p>\n<p class=\"p1\" style=\"text-align: justify;\">&#8211; At blive mere bevidst om de muligheder, vi har i mere velstillede lande \u2013 men ogs\u00e5 om vores egne udfordringer (i Frankrig fx et stort mangel p\u00e5 solidaritet sammenlignet med Cuba)<\/p>\n<p class=\"p1\" style=\"text-align: justify;\">&#8211; At l\u00f8fte mit niveau i spansk og engelsk (b\u00e5de ved at tale med personalet p\u00e5 stedet og med folk p\u00e5 gaden \u2013 og med de andre deltagere, som for det meste er engelsktalende)<\/p>\n<p class=\"p1\" style=\"text-align: justify;\">&#8211; At l\u00e6re at kommunikere p\u00e5 andre m\u00e5der end med ord (hvor vigtig nonverbal kommunikation er: jo mere im\u00f8dekommende man er, jo lettere skaber man kontakt og jo flere gode m\u00f8der f\u00e5r man)<\/p>\n<p>&#8211; At give omsorg og l\u00e6re at tage imod den fra mennesker, man ikke kender (det gav mig troen p\u00e5 mennesker tilbage)<\/p>\n<p class=\"p1\" style=\"text-align: justify;\">Forl\u00f8bet overgik mine forventninger. Det menneskelige m\u00f8de med teamet gav mig virkelig ny energi. De er im\u00f8dekommende, smilende og hj\u00e6lper gennem hele opholdet: de s\u00e6tter os i kontakt med lokale organisationer, der tilbyder aktiviteter, giver spansk- og salsaundervisning p\u00e5 alle niveauer, st\u00e5r for de fleste af vores transporter, arrangerer festlige aftener, hj\u00e6lper med praktiske ting som SIM-kort og valutaveksling og tilbyder forskellige, valgfrie ture for dem, der ikke har lyst til at bes\u00f8ge bestemte steder. Teamet er meget fleksibelt og hj\u00e6lpsomt. Timerne i det frivillige arbejde skuffede mig ikke, men jeg ville gerne have brugt mere tid med b\u00f8rnene. Jeg har stadig kontakt med den person fra VITA, som fulgte os under forl\u00f8bet.<\/p>\n<p class=\"p1\" style=\"text-align: justify;\">For mig er definitionen p\u00e5 frivilligt arbejde i udlandet: \u00abAt finde den helt rigtige balance mellem at give og at modtage.\u00bb<\/p>\n<p class=\"p1\" style=\"text-align: justify;\">Den st\u00f8rste effekt i min hverdag er en mere rolig og bevidst m\u00e5de at leve p\u00e5 \u2013 med st\u00f8rre forst\u00e5else for de muligheder, vi har, b\u00e5de i Frankrig og generelt i mere velstillede lande. Og selvf\u00f8lgelig lysten til at rejse ud igen og bidrage, i det omfang man kan, til sager, der betyder noget for \u00e9n.<\/p>\n<p class=\"p1\" style=\"text-align: justify;\">Mit r\u00e5d til kommende deltagere er ikke at forvente, at frivilligt arbejde kun handler om hyggelig tid med b\u00f8rnene, men ogs\u00e5 at s\u00e6tte tid af til at udvikle aktiviteter og projekter, der st\u00f8tter deres l\u00e6ring. Bevar altid smilet \u2013 s\u00e5 bliver cubanerne endnu gladere for dig! V\u00e6rtsorganisationen f\u00f8les som en lille familie, s\u00e5 pas godt p\u00e5 dem; de giver dig omsorgen tilbage \u2013 og ofte mere end du forventer.<\/p>\n<p class=\"p1\" style=\"text-align: justify;\">M\u00e5ske bare at informere kommende deltagere om betalingsvilk\u00e5r (udfordringer med PayPal, mulig brug for VPN osv.) + at man kan f\u00e5 brug for kontanter for at g\u00f8re valutaveksling nemmere (udover at man mange steder kan betale direkte i euro eller dollars for turistaktiviteter og p\u00e5 restauranter) + at n\u00e6vne l\u00f8sningen SuenaCuba = k\u00f8b af SIM-kort online (selvom v\u00e6rtsorganisationen hj\u00e6lper meget, kan det berolige dem, der er i tvivl)<\/p>\n<p class=\"p1\" style=\"text-align: justify;\">I forhold til ugentligt budget vil jeg anbefale omkring 100 \u20ac om ugen \u2013 150 \u20ac for at have lidt luft \u2013 alts\u00e5 maks. 600 \u20ac for en m\u00e5ned (inkl. aftensmad, aktiviteter, snacks og vand, souvenirs, cigaretter for rygere), uden at medregne udgifter til forbindelse (SIM-kortpakke), forsikring osv.<\/p>\n<p class=\"p1\" style=\"text-align: justify;\">Evas gode tips:<\/p>\n<p class=\"p1\" style=\"text-align: justify;\">P\u00e5 den lille plads ved siden af v\u00e6rtsorganisationen er der ofte en bod med frituras (virkelig l\u00e6kkert!)<\/p>\n<p class=\"p1\" style=\"text-align: justify;\">P\u00e5 samme plads ligger en bar\/restaurant, der hedder El Dandy, hvor folk er meget im\u00f8dekommende, og hvor man spiser godt til rimelige priser.<\/p>\n<p class=\"p1\" style=\"text-align: justify;\">La Fabrica del Arte Cubano er en natklub\/kunstgalleri, man absolut b\u00f8r opleve!<\/p>\n<p class=\"p1\" style=\"text-align: justify;\">La Casa de la Musica er en hyggelig salsabar, hvor man kan \u00f8ve sig.<\/p>\n<p class=\"p1\" style=\"text-align: justify;\">Tag helt sikkert p\u00e5 udflugt til Vi\u00f1ales \u2013 landskaberne er smukke.<\/p>\n<p class=\"p1\" style=\"text-align: justify;\">Strandene ved Varadero er ogs\u00e5 virkelig flotte og ikke s\u00e5 langt fra vores v\u00e6rtsorganisation (men regn stadig med et par timers k\u00f8rsel)<\/p>\n<p style=\"text-align: center;\"><strong>Endnu en gang tak til Eva for hendes engagement \u2013 og her kan I se billeder fra hendes forl\u00f8b!<\/strong><\/p>\n<p><a href=\"https:\/\/www.vita-explorers.dk\/blog\/wp-content\/uploads\/2023\/11\/IMG_2104-Eva-Mondin-scaled.jpg\"><img loading=\"lazy\" decoding=\"async\" class=\"alignnone size-full wp-image-15798\" src=\"https:\/\/www.vita-explorers.dk\/blog\/wp-content\/uploads\/2023\/11\/IMG_2104-Eva-Mondin-scaled.jpg\" alt=\"\" width=\"1920\" height=\"2560\" srcset=\"https:\/\/www.vita-explorers.dk\/blog\/wp-content\/uploads\/2023\/11\/IMG_2104-Eva-Mondin-scaled.jpg 1920w, https:\/\/www.vita-explorers.dk\/blog\/wp-content\/uploads\/2023\/11\/IMG_2104-Eva-Mondin-225x300.jpg 225w, https:\/\/www.vita-explorers.dk\/blog\/wp-content\/uploads\/2023\/11\/IMG_2104-Eva-Mondin-768x1024.jpg 768w, https:\/\/www.vita-explorers.dk\/blog\/wp-content\/uploads\/2023\/11\/IMG_2104-Eva-Mondin-1152x1536.jpg 1152w, https:\/\/www.vita-explorers.dk\/blog\/wp-content\/uploads\/2023\/11\/IMG_2104-Eva-Mondin-1536x2048.jpg 1536w\" sizes=\"(max-width: 1920px) 100vw, 1920px\" \/><\/a> <a href=\"https:\/\/www.vita-explorers.dk\/blog\/wp-content\/uploads\/2023\/11\/IMG_0537-Eva-Mondin-scaled.jpg\"><img loading=\"lazy\" decoding=\"async\" class=\"alignnone size-full wp-image-15796\" src=\"https:\/\/www.vita-explorers.dk\/blog\/wp-content\/uploads\/2023\/11\/IMG_0537-Eva-Mondin-scaled.jpg\" alt=\"\" width=\"1920\" height=\"2560\" srcset=\"https:\/\/www.vita-explorers.dk\/blog\/wp-content\/uploads\/2023\/11\/IMG_0537-Eva-Mondin-scaled.jpg 1920w, https:\/\/www.vita-explorers.dk\/blog\/wp-content\/uploads\/2023\/11\/IMG_0537-Eva-Mondin-225x300.jpg 225w, https:\/\/www.vita-explorers.dk\/blog\/wp-content\/uploads\/2023\/11\/IMG_0537-Eva-Mondin-768x1024.jpg 768w, https:\/\/www.vita-explorers.dk\/blog\/wp-content\/uploads\/2023\/11\/IMG_0537-Eva-Mondin-1152x1536.jpg 1152w, https:\/\/www.vita-explorers.dk\/blog\/wp-content\/uploads\/2023\/11\/IMG_0537-Eva-Mondin-1536x2048.jpg 1536w\" sizes=\"(max-width: 1920px) 100vw, 1920px\" \/><\/a> <a href=\"https:\/\/www.vita-explorers.dk\/blog\/wp-content\/uploads\/2023\/11\/IMG_0532-Eva-Mondin-scaled.jpg\"><img loading=\"lazy\" decoding=\"async\" class=\"alignnone size-full wp-image-15795\" src=\"https:\/\/www.vita-explorers.dk\/blog\/wp-content\/uploads\/2023\/11\/IMG_0532-Eva-Mondin-scaled.jpg\" alt=\"\" width=\"2560\" height=\"1920\" srcset=\"https:\/\/www.vita-explorers.dk\/blog\/wp-content\/uploads\/2023\/11\/IMG_0532-Eva-Mondin-scaled.jpg 2560w, https:\/\/www.vita-explorers.dk\/blog\/wp-content\/uploads\/2023\/11\/IMG_0532-Eva-Mondin-300x225.jpg 300w, https:\/\/www.vita-explorers.dk\/blog\/wp-content\/uploads\/2023\/11\/IMG_0532-Eva-Mondin-1024x768.jpg 1024w, https:\/\/www.vita-explorers.dk\/blog\/wp-content\/uploads\/2023\/11\/IMG_0532-Eva-Mondin-768x576.jpg 768w, https:\/\/www.vita-explorers.dk\/blog\/wp-content\/uploads\/2023\/11\/IMG_0532-Eva-Mondin-1536x1152.jpg 1536w, https:\/\/www.vita-explorers.dk\/blog\/wp-content\/uploads\/2023\/11\/IMG_0532-Eva-Mondin-2048x1536.jpg 2048w\" sizes=\"(max-width: 2560px) 100vw, 2560px\" \/><\/a><\/p>\n<p class=\"p3\" style=\"text-align: center;\"><b>Hvis du vil vide mere, er du velkommen til at kontakte os p\u00e5<\/b><a href=\"mailto:info@globalong.com\"><span class=\"s1\"><b>info@globalong.com<\/b><\/span><\/a><\/p>\n<p class=\"p3\" style=\"text-align: center;\"><b>Vil du h\u00f8re mere om VITA og vores community, s\u00e5 f\u00f8lg med p\u00e5<\/b><a href=\"https:\/\/www.instagram.com\/globalongofficiel\/\"><span class=\"s1\"><b>Instagram<\/b><\/span><\/a><b>, <\/b><a href=\"https:\/\/www.facebook.com\/globalong\"><span class=\"s1\"><b>Facebook<\/b><\/span><\/a><b>, <\/b><a href=\"https:\/\/www.linkedin.com\/company\/5113177\/admin\/feed\/posts\/\"><span class=\"s1\"><b>LinkedIn<\/b><\/span><\/a><b> og <\/b><a href=\"https:\/\/www.youtube.com\/c\/globalong\/videos\"><span class=\"s1\"><b>Youtube<\/b><\/span><\/a><b>!<\/b><\/p>\n","protected":false},"excerpt":{"rendered":"<p>Eva, medlem af VITA, og nyligt afsted p\u00e5 et forl\u00f8b i Cuba, deler sine oplevelser: Jeg rejste afsted for at blive bedre til spansk,\u2026<\/p>\n","protected":false},"author":1,"featured_media":15797,"parent":883,"menu_order":0,"comment_status":"closed","ping_status":"closed","template":"","meta":{"footnotes":""},"yoast_head":"<!-- This site is optimized with the Yoast SEO Premium plugin v23.4 (Yoast SEO v23.4) - https:\/\/yoast.com\/wordpress\/plugins\/seo\/ -->\n<title>Cuba - Eva - VITA Explorers Blog<\/title>\n<meta name=\"robots\" content=\"index, follow, max-snippet:-1, max-image-preview:large, max-video-preview:-1\" \/>\n<link rel=\"canonical\" href=\"https:\/\/www.vita-explorers.dk\/blog\/anmeldelser-oplevelser-vita\/cuba-eva\/\" \/>\n<meta property=\"og:locale\" content=\"da_DK\" \/>\n<meta property=\"og:type\" content=\"article\" \/>\n<meta property=\"og:title\" content=\"Cuba - Eva\" \/>\n<meta property=\"og:description\" content=\"Eva, medlem af VITA, og nyligt afsted p\u00e5 et forl\u00f8b i Cuba, deler sine oplevelser: Jeg rejste afsted for at blive bedre til spansk,\u2026\" \/>\n<meta property=\"og:url\" content=\"https:\/\/www.vita-explorers.dk\/blog\/anmeldelser-oplevelser-vita\/cuba-eva\/\" \/>\n<meta property=\"og:site_name\" content=\"VITA Explorers Blog\" \/>\n<meta property=\"article:publisher\" content=\"https:\/\/www.facebook.com\/globalong\" \/>\n<meta property=\"og:image\" content=\"https:\/\/www.vita-explorers.dk\/blog\/wp-content\/uploads\/2023\/11\/IMG_0562-Eva-Mondin-scaled.jpg\" \/>\n\t<meta property=\"og:image:width\" content=\"1920\" \/>\n\t<meta property=\"og:image:height\" content=\"2560\" \/>\n\t<meta property=\"og:image:type\" content=\"image\/jpeg\" \/>\n<meta name=\"twitter:card\" content=\"summary_large_image\" \/>\n<meta name=\"twitter:label1\" content=\"Estimeret l\u00e6setid\" \/>\n\t<meta name=\"twitter:data1\" content=\"4 minutter\" \/>\n<script type=\"application\/ld+json\" class=\"yoast-schema-graph\">{\"@context\":\"https:\/\/schema.org\",\"@graph\":[{\"@type\":\"WebPage\",\"@id\":\"https:\/\/www.vita-explorers.dk\/blog\/anmeldelser-oplevelser-vita\/cuba-eva\/\",\"url\":\"https:\/\/www.vita-explorers.dk\/blog\/anmeldelser-oplevelser-vita\/cuba-eva\/\",\"name\":\"Cuba - Eva - VITA Explorers Blog\",\"isPartOf\":{\"@id\":\"https:\/\/www.vita-explorers.dk\/blog\/#website\"},\"primaryImageOfPage\":{\"@id\":\"https:\/\/www.vita-explorers.dk\/blog\/anmeldelser-oplevelser-vita\/cuba-eva\/#primaryimage\"},\"image\":{\"@id\":\"https:\/\/www.vita-explorers.dk\/blog\/anmeldelser-oplevelser-vita\/cuba-eva\/#primaryimage\"},\"thumbnailUrl\":\"https:\/\/www.vita-explorers.dk\/blog\/wp-content\/uploads\/2023\/11\/IMG_0562-Eva-Mondin-scaled.jpg\",\"datePublished\":\"2023-11-06T16:57:02+00:00\",\"dateModified\":\"2023-11-06T16:57:02+00:00\",\"breadcrumb\":{\"@id\":\"https:\/\/www.vita-explorers.dk\/blog\/anmeldelser-oplevelser-vita\/cuba-eva\/#breadcrumb\"},\"inLanguage\":\"da-DK\",\"potentialAction\":[{\"@type\":\"ReadAction\",\"target\":[\"https:\/\/www.vita-explorers.dk\/blog\/anmeldelser-oplevelser-vita\/cuba-eva\/\"]}]},{\"@type\":\"ImageObject\",\"inLanguage\":\"da-DK\",\"@id\":\"https:\/\/www.vita-explorers.dk\/blog\/anmeldelser-oplevelser-vita\/cuba-eva\/#primaryimage\",\"url\":\"https:\/\/www.vita-explorers.dk\/blog\/wp-content\/uploads\/2023\/11\/IMG_0562-Eva-Mondin-scaled.jpg\",\"contentUrl\":\"https:\/\/www.vita-explorers.dk\/blog\/wp-content\/uploads\/2023\/11\/IMG_0562-Eva-Mondin-scaled.jpg\",\"width\":1920,\"height\":2560},{\"@type\":\"BreadcrumbList\",\"@id\":\"https:\/\/www.vita-explorers.dk\/blog\/anmeldelser-oplevelser-vita\/cuba-eva\/#breadcrumb\",\"itemListElement\":[{\"@type\":\"ListItem\",\"position\":1,\"name\":\"Accueil\",\"item\":\"https:\/\/www.vita-explorers.dk\/blog\/\"},{\"@type\":\"ListItem\",\"position\":2,\"name\":\"Kritiske erfaringer og anmeldelser fra deltagere\",\"item\":\"https:\/\/www.vita-explorers.dk\/blog\/anmeldelser-oplevelser-vita\/\"},{\"@type\":\"ListItem\",\"position\":3,\"name\":\"Cuba &#8211; Eva\"}]},{\"@type\":\"WebSite\",\"@id\":\"https:\/\/www.vita-explorers.dk\/blog\/#website\",\"url\":\"https:\/\/www.vita-explorers.dk\/blog\/\",\"name\":\"Association Globalong\",\"description\":\"Frivilligt arbejde, sprogophold, praktik i udlandet og internationale oplevelser\",\"publisher\":{\"@id\":\"https:\/\/www.vita-explorers.dk\/blog\/#organization\"},\"potentialAction\":[{\"@type\":\"SearchAction\",\"target\":{\"@type\":\"EntryPoint\",\"urlTemplate\":\"https:\/\/www.vita-explorers.dk\/blog\/?s={search_term_string}\"},\"query-input\":{\"@type\":\"PropertyValueSpecification\",\"valueRequired\":true,\"valueName\":\"search_term_string\"}}],\"inLanguage\":\"da-DK\"},{\"@type\":\"Organization\",\"@id\":\"https:\/\/www.vita-explorers.dk\/blog\/#organization\",\"name\":\"Association Globalong\",\"url\":\"https:\/\/www.vita-explorers.dk\/blog\/\",\"logo\":{\"@type\":\"ImageObject\",\"inLanguage\":\"da-DK\",\"@id\":\"https:\/\/www.vita-explorers.dk\/blog\/#\/schema\/logo\/image\/\",\"url\":\"https:\/\/www.globalong.com\/blog\/wp-content\/uploads\/2014\/11\/cropped-cropped-Logo-et-Afrique-Globalong-petite-taille-2.jpg\",\"contentUrl\":\"https:\/\/www.globalong.com\/blog\/wp-content\/uploads\/2014\/11\/cropped-cropped-Logo-et-Afrique-Globalong-petite-taille-2.jpg\",\"width\":512,\"height\":512,\"caption\":\"Association Globalong\"},\"image\":{\"@id\":\"https:\/\/www.vita-explorers.dk\/blog\/#\/schema\/logo\/image\/\"},\"sameAs\":[\"https:\/\/www.facebook.com\/globalong\"]}]}<\/script>\n<!-- \/ Yoast SEO Premium plugin. -->","yoast_head_json":{"title":"Cuba - Eva - VITA Explorers Blog","robots":{"index":"index","follow":"follow","max-snippet":"max-snippet:-1","max-image-preview":"max-image-preview:large","max-video-preview":"max-video-preview:-1"},"canonical":"https:\/\/www.vita-explorers.dk\/blog\/anmeldelser-oplevelser-vita\/cuba-eva\/","og_locale":"da_DK","og_type":"article","og_title":"Cuba - Eva","og_description":"Eva, medlem af VITA, og nyligt afsted p\u00e5 et forl\u00f8b i Cuba, deler sine oplevelser: Jeg rejste afsted for at blive bedre til spansk,\u2026","og_url":"https:\/\/www.vita-explorers.dk\/blog\/anmeldelser-oplevelser-vita\/cuba-eva\/","og_site_name":"VITA Explorers Blog","article_publisher":"https:\/\/www.facebook.com\/globalong","og_image":[{"width":1920,"height":2560,"url":"https:\/\/www.vita-explorers.dk\/blog\/wp-content\/uploads\/2023\/11\/IMG_0562-Eva-Mondin-scaled.jpg","type":"image\/jpeg"}],"twitter_card":"summary_large_image","twitter_misc":{"Estimeret l\u00e6setid":"4 minutter"},"schema":{"@context":"https:\/\/schema.org","@graph":[{"@type":"WebPage","@id":"https:\/\/www.vita-explorers.dk\/blog\/anmeldelser-oplevelser-vita\/cuba-eva\/","url":"https:\/\/www.vita-explorers.dk\/blog\/anmeldelser-oplevelser-vita\/cuba-eva\/","name":"Cuba - Eva - VITA Explorers Blog","isPartOf":{"@id":"https:\/\/www.vita-explorers.dk\/blog\/#website"},"primaryImageOfPage":{"@id":"https:\/\/www.vita-explorers.dk\/blog\/anmeldelser-oplevelser-vita\/cuba-eva\/#primaryimage"},"image":{"@id":"https:\/\/www.vita-explorers.dk\/blog\/anmeldelser-oplevelser-vita\/cuba-eva\/#primaryimage"},"thumbnailUrl":"https:\/\/www.vita-explorers.dk\/blog\/wp-content\/uploads\/2023\/11\/IMG_0562-Eva-Mondin-scaled.jpg","datePublished":"2023-11-06T16:57:02+00:00","dateModified":"2023-11-06T16:57:02+00:00","breadcrumb":{"@id":"https:\/\/www.vita-explorers.dk\/blog\/anmeldelser-oplevelser-vita\/cuba-eva\/#breadcrumb"},"inLanguage":"da-DK","potentialAction":[{"@type":"ReadAction","target":["https:\/\/www.vita-explorers.dk\/blog\/anmeldelser-oplevelser-vita\/cuba-eva\/"]}]},{"@type":"ImageObject","inLanguage":"da-DK","@id":"https:\/\/www.vita-explorers.dk\/blog\/anmeldelser-oplevelser-vita\/cuba-eva\/#primaryimage","url":"https:\/\/www.vita-explorers.dk\/blog\/wp-content\/uploads\/2023\/11\/IMG_0562-Eva-Mondin-scaled.jpg","contentUrl":"https:\/\/www.vita-explorers.dk\/blog\/wp-content\/uploads\/2023\/11\/IMG_0562-Eva-Mondin-scaled.jpg","width":1920,"height":2560},{"@type":"BreadcrumbList","@id":"https:\/\/www.vita-explorers.dk\/blog\/anmeldelser-oplevelser-vita\/cuba-eva\/#breadcrumb","itemListElement":[{"@type":"ListItem","position":1,"name":"Accueil","item":"https:\/\/www.vita-explorers.dk\/blog\/"},{"@type":"ListItem","position":2,"name":"Kritiske erfaringer og anmeldelser fra deltagere","item":"https:\/\/www.vita-explorers.dk\/blog\/anmeldelser-oplevelser-vita\/"},{"@type":"ListItem","position":3,"name":"Cuba &#8211; Eva"}]},{"@type":"WebSite","@id":"https:\/\/www.vita-explorers.dk\/blog\/#website","url":"https:\/\/www.vita-explorers.dk\/blog\/","name":"Association Globalong","description":"Frivilligt arbejde, sprogophold, praktik i udlandet og internationale oplevelser","publisher":{"@id":"https:\/\/www.vita-explorers.dk\/blog\/#organization"},"potentialAction":[{"@type":"SearchAction","target":{"@type":"EntryPoint","urlTemplate":"https:\/\/www.vita-explorers.dk\/blog\/?s={search_term_string}"},"query-input":{"@type":"PropertyValueSpecification","valueRequired":true,"valueName":"search_term_string"}}],"inLanguage":"da-DK"},{"@type":"Organization","@id":"https:\/\/www.vita-explorers.dk\/blog\/#organization","name":"Association Globalong","url":"https:\/\/www.vita-explorers.dk\/blog\/","logo":{"@type":"ImageObject","inLanguage":"da-DK","@id":"https:\/\/www.vita-explorers.dk\/blog\/#\/schema\/logo\/image\/","url":"https:\/\/www.globalong.com\/blog\/wp-content\/uploads\/2014\/11\/cropped-cropped-Logo-et-Afrique-Globalong-petite-taille-2.jpg","contentUrl":"https:\/\/www.globalong.com\/blog\/wp-content\/uploads\/2014\/11\/cropped-cropped-Logo-et-Afrique-Globalong-petite-taille-2.jpg","width":512,"height":512,"caption":"Association Globalong"},"image":{"@id":"https:\/\/www.vita-explorers.dk\/blog\/#\/schema\/logo\/image\/"},"sameAs":["https:\/\/www.facebook.com\/globalong"]}]}},"_links":{"self":[{"href":"https:\/\/www.vita-explorers.dk\/blog\/wp-json\/wp\/v2\/pages\/15794"}],"collection":[{"href":"https:\/\/www.vita-explorers.dk\/blog\/wp-json\/wp\/v2\/pages"}],"about":[{"href":"https:\/\/www.vita-explorers.dk\/blog\/wp-json\/wp\/v2\/types\/page"}],"author":[{"embeddable":true,"href":"https:\/\/www.vita-explorers.dk\/blog\/wp-json\/wp\/v2\/users\/1"}],"replies":[{"embeddable":true,"href":"https:\/\/www.vita-explorers.dk\/blog\/wp-json\/wp\/v2\/comments?post=15794"}],"version-history":[{"count":1,"href":"https:\/\/www.vita-explorers.dk\/blog\/wp-json\/wp\/v2\/pages\/15794\/revisions"}],"predecessor-version":[{"id":15800,"href":"https:\/\/www.vita-explorers.dk\/blog\/wp-json\/wp\/v2\/pages\/15794\/revisions\/15800"}],"up":[{"embeddable":true,"href":"https:\/\/www.vita-explorers.dk\/blog\/wp-json\/wp\/v2\/pages\/883"}],"wp:featuredmedia":[{"embeddable":true,"href":"https:\/\/www.vita-explorers.dk\/blog\/wp-json\/wp\/v2\/media\/15797"}],"wp:attachment":[{"href":"https:\/\/www.vita-explorers.dk\/blog\/wp-json\/wp\/v2\/media?parent=15794"}],"curies":[{"name":"wp","href":"https:\/\/api.w.org\/{rel}","templated":true}]}}