{"id":9379,"date":"2018-04-05T13:58:40","date_gmt":"2018-04-05T11:58:40","guid":{"rendered":"https:\/\/www.globalong.com\/blog\/?page_id=9379"},"modified":"2022-05-06T10:37:22","modified_gmt":"2022-05-06T08:37:22","slug":"forum-globalong-maroc-elisabeth-programme-humanitaire-soutien-femmes-berberes","status":"publish","type":"page","link":"https:\/\/www.vita-explorers.dk\/blog\/anmeldelser-oplevelser-vita\/forum-globalong-maroc-elisabeth-programme-humanitaire-soutien-femmes-berberes\/","title":{"rendered":"Marokko &#8211; Elisabeth"},"content":{"rendered":"<p style=\"text-align: center;\"><span style=\"color: #b81657;\"><strong>Oplevelser fra Elisabeth, deltager hos VITA i <a href=\"https:\/\/www.vita-explorers.dk\/frivilligt-arbejde\/marokko-humanitaert-forloeb-praktik-i-udlandet-afrika.html\" target=\"_blank\" rel=\"noopener\"><span style=\"text-decoration: underline;\">Marokko<\/span><\/a><\/strong><\/span><\/p>\n<p style=\"text-align: justify;\"><a href=\"https:\/\/www.vita-explorers.dk\/blog\/wp-content\/uploads\/2018\/04\/P_20171225_204412-min.jpg\"><img loading=\"lazy\" decoding=\"async\" class=\"wp-image-9380 aligncenter\" src=\"https:\/\/www.vita-explorers.dk\/blog\/wp-content\/uploads\/2018\/04\/P_20171225_204412-min-300x169.jpg\" alt=\"\" width=\"300\" height=\"169\" srcset=\"https:\/\/www.vita-explorers.dk\/blog\/wp-content\/uploads\/2018\/04\/P_20171225_204412-min-300x169.jpg 300w, https:\/\/www.vita-explorers.dk\/blog\/wp-content\/uploads\/2018\/04\/P_20171225_204412-min-768x432.jpg 768w, https:\/\/www.vita-explorers.dk\/blog\/wp-content\/uploads\/2018\/04\/P_20171225_204412-min-1024x576.jpg 1024w, https:\/\/www.vita-explorers.dk\/blog\/wp-content\/uploads\/2018\/04\/P_20171225_204412-min-150x84.jpg 150w\" sizes=\"(max-width: 300px) 100vw, 300px\" \/><\/a>Jeg tog afsted i 2 uger til R&#8217;bat i december 2017 for at opleve <strong>et ophold i fuld immersion<\/strong> i en <a href=\"https:\/\/www.vita-explorers.dk\/frivilligt-arbejde\/marokko-humanitaert-forloeb-praktik-i-udlandet-afrika\/program-humanitaert-frivilligt-arbejde-internationalt-marokko-afrika.html\" target=\"_blank\" rel=\"noopener\"><span style=\"text-decoration: underline; color: #b81657;\"><strong>berberlandsby<\/strong><\/span><\/a>. <strong>Det var en fin lektie i ydmyghed at f\u00e5 lov til <span style=\"text-decoration: underline; color: #b81657;\">at dele hverdagen med <a href=\"https:\/\/www.vita-explorers.dk\/blog\/rejse-solo-paa-internationalt-forloeb-som-kvinde-hvad-skal-man-taenke-om-vita-anmeldelser\/\" target=\"_blank\" rel=\"noopener\">berberkvinderne<\/a><\/span><\/strong>, selv om de har f\u00e5 ressourcer! <strong>Ingen dage er ens<\/strong>, livet g\u00e5r roligt sin gang, og det er netop det, jeg synes er s\u00e5 godt \u2013 for jeg tror, det er dem, der har ret i at <strong>tage sig tid til at leve<\/strong>.<\/p>\n<p><img loading=\"lazy\" decoding=\"async\" class=\"wp-image-9382 aligncenter\" src=\"https:\/\/www.vita-explorers.dk\/blog\/wp-content\/uploads\/2018\/04\/P_20171224_202443-min-169x300.jpg\" alt=\"\" width=\"300\" height=\"533\" srcset=\"https:\/\/www.vita-explorers.dk\/blog\/wp-content\/uploads\/2018\/04\/P_20171224_202443-min-169x300.jpg 169w, https:\/\/www.vita-explorers.dk\/blog\/wp-content\/uploads\/2018\/04\/P_20171224_202443-min-768x1365.jpg 768w, https:\/\/www.vita-explorers.dk\/blog\/wp-content\/uploads\/2018\/04\/P_20171224_202443-min-576x1024.jpg 576w, https:\/\/www.vita-explorers.dk\/blog\/wp-content\/uploads\/2018\/04\/P_20171224_202443-min-84x150.jpg 84w\" sizes=\"(max-width: 300px) 100vw, 300px\" \/><\/p>\n<p style=\"text-align: justify;\">Deres <a href=\"https:\/\/www.vita-explorers.dk\/blog\/vita-8-marts-international-kvindedag-rettigheder-for-kvinder-og-piger-uddannelse-frivilligt-arbejde-ngo\/\" target=\"_blank\" rel=\"noopener\"><span style=\"text-decoration: underline; color: #b81657;\"><strong>hverdag er uden tvivl kr\u00e6vende<\/strong><\/span><\/a>, fordi de skal klare det hele: madlavning p\u00e5 gulvet (is\u00e6r n\u00e5r der skal bages br\u00f8d \u2013 at \u00e6lte, mens man sidder p\u00e5 gulvet, er ikke helt let! Jeg pr\u00f8vede det flere gange \u2013 og de g\u00f8r det hver eneste dag!), reng\u00f8ring, hente br\u00e6nde i bjergene osv.<\/p>\n<p>For mig var <a href=\"https:\/\/www.vita-explorers.dk\/blog\/hvorfor-deltage-i-et-internationalt-frivilligt-ophold\/\" target=\"_blank\" rel=\"noopener\"><span style=\"text-decoration: underline; color: #b81657;\"><strong>denne tur et stort \u00f8jeblik<\/strong><\/span><\/a>, hvor jeg kun kunne bidrage ganske lidt, fordi jeg var <strong>dybt imponeret over Malika<\/strong> og hendes kunnen i arbejdet. Jeg \u2013 en europ\u00e6er, ikke s\u00e6rlig stolt over ikke at kunne det samme \u2013 t\u00e6nkte: hvor er det modigt, hvor er det st\u00e6rkt! <a href=\"https:\/\/www.vita-explorers.dk\/blog\/frivilligt-arbejde-i-organisationer-psykologiske-fordele-international-erfaring-i-udlandet\/\" target=\"_blank\" rel=\"noopener\"><span style=\"text-decoration: underline; color: #b81657;\"><strong>Det var et meget r\u00f8rende \u00f8jeblik for mig<\/strong><\/span><\/a>&#8230;<\/p>\n<p style=\"text-align: justify;\">Jeg deltog i forskellige opgaver, som fx kartning af uld osv.<\/p>\n<p style=\"text-align: justify;\"><strong>Jeg satte stor pris p\u00e5 at dele familielivet<\/strong> om aftenen \u2013 med at lave et t\u00e6ppe \u2013 <a href=\"https:\/\/www.vita-explorers.dk\/blog\/international-alfabetiseringsdag\/\" target=\"_blank\" rel=\"noopener\"><span style=\"text-decoration: underline; color: #b81657;\"><strong>hj\u00e6lp til lektier<\/strong><\/span><\/a> i fransk til b\u00f8rnene i huset, <strong>at spise sammen<\/strong> osv.<\/p>\n<p style=\"text-align: justify;\"><strong>Venligheden og smilene hos dette folk g\u00f8r, at man f\u00f8ler sig godt tilpas!<\/strong><\/p>\n<p style=\"text-align: justify;\"><strong>En virkelig dejlig oplevelse&#8230; som jeg gerne vil gentage!<\/strong><\/p>\n<p style=\"text-align: justify;\">Elisabeth<\/p>\n<p>\u00a0<\/p>\n<p>\u00a0<\/p>\n<p style=\"text-align: center;\"><a href=\"https:\/\/www.vita-explorers.dk\/frivilligt-arbejde\/marokko-humanitaert-forloeb-praktik-i-udlandet-afrika\/program-humanitaert-frivilligt-arbejde-internationalt-marokko-afrika.html\" target=\"_blank\" rel=\"noopener\"><span style=\"text-decoration: underline; color: #b81657;\"><strong>Se vores internationale forl\u00f8b i Marokko!<\/strong><\/span><\/a><\/p>\n<p style=\"text-align: center;\"><a href=\"https:\/\/www.flickr.com\/photos\/globalong\/albums\/72157671283279754\" target=\"_blank\" rel=\"noopener\"><span style=\"text-decoration: underline; color: #b81657;\"><strong>Bes\u00f8g vores fotogalleri fra Marokko!<\/strong><\/span><\/a><\/p>\n<p style=\"text-align: center;\"><a href=\"https:\/\/www.vita-explorers.dk\/blog\/videoer-fra-vores-destinationer-frivilligt-arbejde-internationale-forloeb\/\" target=\"_blank\" rel=\"noopener\"><span style=\"text-decoration: underline; color: #b81657;\"><strong>VITA p\u00e5 video!<\/strong><\/span><\/a><\/p>\n<p style=\"text-align: center;\"><a href=\"https:\/\/www.vita-explorers.dk\/blog\/vita-medlemskab-kontingent-skattefradrag-frivilligt-arbejde-lokalt-internationalt-humanitaert-erfaringer\/\" target=\"_blank\" rel=\"noopener\"><span style=\"text-decoration: underline; color: #b81657;\"><strong>Bliv medlem af VITA community<\/strong><\/span><\/a><\/p>\n<p style=\"text-align: center;\"><a href=\"https:\/\/www.vita-explorers.dk\/charte-volontaire-benevolat-international-humanitaire.html\" target=\"_blank\" rel=\"noopener\"><span style=\"text-decoration: underline; color: #b81657;\"><strong>F\u00f8lg retningslinjerne for ansvarlige internationale ophold<\/strong><\/span><\/a><\/p>\n<p style=\"text-align: center;\"><a href=\"https:\/\/www.vita-explorers.dk\/blog\/humanitaer-rejse-etudiant\/\" target=\"_blank\" rel=\"noopener\"><span style=\"text-decoration: underline; color: #b81657;\"><strong>L\u00e6s mere om internationale forl\u00f8b for studerende!<\/strong><\/span><\/a><\/p>\n","protected":false},"excerpt":{"rendered":"<p>Oplevelser fra Elisabeth, deltager hos VITA i Marokko Jeg tog afsted i 2 uger til R&#8217;bat i december 2017 for at opleve et ophold\u2026<\/p>\n","protected":false},"author":1,"featured_media":9381,"parent":883,"menu_order":0,"comment_status":"closed","ping_status":"closed","template":"","meta":{"footnotes":""},"yoast_head":"<!-- This site is optimized with the Yoast SEO Premium plugin v23.4 (Yoast SEO v23.4) - https:\/\/yoast.com\/wordpress\/plugins\/seo\/ -->\n<title>Marokko - Elisabeth - VITA Explorers Blog<\/title>\n<meta name=\"robots\" content=\"index, follow, max-snippet:-1, max-image-preview:large, max-video-preview:-1\" \/>\n<link rel=\"canonical\" href=\"https:\/\/www.vita-explorers.dk\/blog\/anmeldelser-oplevelser-vita\/forum-globalong-maroc-elisabeth-programme-humanitaire-soutien-femmes-berberes\/\" \/>\n<meta property=\"og:locale\" content=\"da_DK\" \/>\n<meta property=\"og:type\" content=\"article\" \/>\n<meta property=\"og:title\" content=\"Marokko - Elisabeth\" \/>\n<meta property=\"og:description\" content=\"Oplevelser fra Elisabeth, deltager hos VITA i Marokko Jeg tog afsted i 2 uger til R&#8217;bat i december 2017 for at opleve et ophold\u2026\" \/>\n<meta property=\"og:url\" content=\"https:\/\/www.vita-explorers.dk\/blog\/anmeldelser-oplevelser-vita\/forum-globalong-maroc-elisabeth-programme-humanitaire-soutien-femmes-berberes\/\" \/>\n<meta property=\"og:site_name\" content=\"VITA Explorers Blog\" \/>\n<meta property=\"article:publisher\" content=\"https:\/\/www.facebook.com\/globalong\" \/>\n<meta property=\"article:modified_time\" content=\"2022-05-06T08:37:22+00:00\" \/>\n<meta property=\"og:image\" content=\"https:\/\/www.vita-explorers.dk\/blog\/wp-content\/uploads\/2018\/04\/P_20171223_093907-min.jpg\" \/>\n\t<meta property=\"og:image:width\" content=\"2304\" \/>\n\t<meta property=\"og:image:height\" content=\"4096\" \/>\n\t<meta property=\"og:image:type\" content=\"image\/jpeg\" \/>\n<meta name=\"twitter:card\" content=\"summary_large_image\" \/>\n<meta name=\"twitter:label1\" content=\"Estimeret l\u00e6setid\" \/>\n\t<meta name=\"twitter:data1\" content=\"2 minutter\" \/>\n<script type=\"application\/ld+json\" class=\"yoast-schema-graph\">{\"@context\":\"https:\/\/schema.org\",\"@graph\":[{\"@type\":\"WebPage\",\"@id\":\"https:\/\/www.vita-explorers.dk\/blog\/anmeldelser-oplevelser-vita\/forum-globalong-maroc-elisabeth-programme-humanitaire-soutien-femmes-berberes\/\",\"url\":\"https:\/\/www.vita-explorers.dk\/blog\/anmeldelser-oplevelser-vita\/forum-globalong-maroc-elisabeth-programme-humanitaire-soutien-femmes-berberes\/\",\"name\":\"Marokko - Elisabeth - VITA Explorers Blog\",\"isPartOf\":{\"@id\":\"https:\/\/www.vita-explorers.dk\/blog\/#website\"},\"primaryImageOfPage\":{\"@id\":\"https:\/\/www.vita-explorers.dk\/blog\/anmeldelser-oplevelser-vita\/forum-globalong-maroc-elisabeth-programme-humanitaire-soutien-femmes-berberes\/#primaryimage\"},\"image\":{\"@id\":\"https:\/\/www.vita-explorers.dk\/blog\/anmeldelser-oplevelser-vita\/forum-globalong-maroc-elisabeth-programme-humanitaire-soutien-femmes-berberes\/#primaryimage\"},\"thumbnailUrl\":\"https:\/\/www.vita-explorers.dk\/blog\/wp-content\/uploads\/2018\/04\/P_20171223_093907-min.jpg\",\"datePublished\":\"2018-04-05T11:58:40+00:00\",\"dateModified\":\"2022-05-06T08:37:22+00:00\",\"breadcrumb\":{\"@id\":\"https:\/\/www.vita-explorers.dk\/blog\/anmeldelser-oplevelser-vita\/forum-globalong-maroc-elisabeth-programme-humanitaire-soutien-femmes-berberes\/#breadcrumb\"},\"inLanguage\":\"da-DK\",\"potentialAction\":[{\"@type\":\"ReadAction\",\"target\":[\"https:\/\/www.vita-explorers.dk\/blog\/anmeldelser-oplevelser-vita\/forum-globalong-maroc-elisabeth-programme-humanitaire-soutien-femmes-berberes\/\"]}]},{\"@type\":\"ImageObject\",\"inLanguage\":\"da-DK\",\"@id\":\"https:\/\/www.vita-explorers.dk\/blog\/anmeldelser-oplevelser-vita\/forum-globalong-maroc-elisabeth-programme-humanitaire-soutien-femmes-berberes\/#primaryimage\",\"url\":\"https:\/\/www.vita-explorers.dk\/blog\/wp-content\/uploads\/2018\/04\/P_20171223_093907-min.jpg\",\"contentUrl\":\"https:\/\/www.vita-explorers.dk\/blog\/wp-content\/uploads\/2018\/04\/P_20171223_093907-min.jpg\",\"width\":2304,\"height\":4096},{\"@type\":\"BreadcrumbList\",\"@id\":\"https:\/\/www.vita-explorers.dk\/blog\/anmeldelser-oplevelser-vita\/forum-globalong-maroc-elisabeth-programme-humanitaire-soutien-femmes-berberes\/#breadcrumb\",\"itemListElement\":[{\"@type\":\"ListItem\",\"position\":1,\"name\":\"Accueil\",\"item\":\"https:\/\/www.vita-explorers.dk\/blog\/\"},{\"@type\":\"ListItem\",\"position\":2,\"name\":\"Kritiske erfaringer og anmeldelser fra deltagere\",\"item\":\"https:\/\/www.vita-explorers.dk\/blog\/anmeldelser-oplevelser-vita\/\"},{\"@type\":\"ListItem\",\"position\":3,\"name\":\"Marokko &#8211; Elisabeth\"}]},{\"@type\":\"WebSite\",\"@id\":\"https:\/\/www.vita-explorers.dk\/blog\/#website\",\"url\":\"https:\/\/www.vita-explorers.dk\/blog\/\",\"name\":\"Association Globalong\",\"description\":\"Frivilligt arbejde, sprogophold, praktik i udlandet og internationale oplevelser\",\"publisher\":{\"@id\":\"https:\/\/www.vita-explorers.dk\/blog\/#organization\"},\"potentialAction\":[{\"@type\":\"SearchAction\",\"target\":{\"@type\":\"EntryPoint\",\"urlTemplate\":\"https:\/\/www.vita-explorers.dk\/blog\/?s={search_term_string}\"},\"query-input\":{\"@type\":\"PropertyValueSpecification\",\"valueRequired\":true,\"valueName\":\"search_term_string\"}}],\"inLanguage\":\"da-DK\"},{\"@type\":\"Organization\",\"@id\":\"https:\/\/www.vita-explorers.dk\/blog\/#organization\",\"name\":\"Association Globalong\",\"url\":\"https:\/\/www.vita-explorers.dk\/blog\/\",\"logo\":{\"@type\":\"ImageObject\",\"inLanguage\":\"da-DK\",\"@id\":\"https:\/\/www.vita-explorers.dk\/blog\/#\/schema\/logo\/image\/\",\"url\":\"https:\/\/www.globalong.com\/blog\/wp-content\/uploads\/2014\/11\/cropped-cropped-Logo-et-Afrique-Globalong-petite-taille-2.jpg\",\"contentUrl\":\"https:\/\/www.globalong.com\/blog\/wp-content\/uploads\/2014\/11\/cropped-cropped-Logo-et-Afrique-Globalong-petite-taille-2.jpg\",\"width\":512,\"height\":512,\"caption\":\"Association Globalong\"},\"image\":{\"@id\":\"https:\/\/www.vita-explorers.dk\/blog\/#\/schema\/logo\/image\/\"},\"sameAs\":[\"https:\/\/www.facebook.com\/globalong\"]}]}<\/script>\n<!-- \/ Yoast SEO Premium plugin. -->","yoast_head_json":{"title":"Marokko - Elisabeth - VITA Explorers Blog","robots":{"index":"index","follow":"follow","max-snippet":"max-snippet:-1","max-image-preview":"max-image-preview:large","max-video-preview":"max-video-preview:-1"},"canonical":"https:\/\/www.vita-explorers.dk\/blog\/anmeldelser-oplevelser-vita\/forum-globalong-maroc-elisabeth-programme-humanitaire-soutien-femmes-berberes\/","og_locale":"da_DK","og_type":"article","og_title":"Marokko - Elisabeth","og_description":"Oplevelser fra Elisabeth, deltager hos VITA i Marokko Jeg tog afsted i 2 uger til R&#8217;bat i december 2017 for at opleve et ophold\u2026","og_url":"https:\/\/www.vita-explorers.dk\/blog\/anmeldelser-oplevelser-vita\/forum-globalong-maroc-elisabeth-programme-humanitaire-soutien-femmes-berberes\/","og_site_name":"VITA Explorers Blog","article_publisher":"https:\/\/www.facebook.com\/globalong","article_modified_time":"2022-05-06T08:37:22+00:00","og_image":[{"width":2304,"height":4096,"url":"https:\/\/www.vita-explorers.dk\/blog\/wp-content\/uploads\/2018\/04\/P_20171223_093907-min.jpg","type":"image\/jpeg"}],"twitter_card":"summary_large_image","twitter_misc":{"Estimeret l\u00e6setid":"2 minutter"},"schema":{"@context":"https:\/\/schema.org","@graph":[{"@type":"WebPage","@id":"https:\/\/www.vita-explorers.dk\/blog\/anmeldelser-oplevelser-vita\/forum-globalong-maroc-elisabeth-programme-humanitaire-soutien-femmes-berberes\/","url":"https:\/\/www.vita-explorers.dk\/blog\/anmeldelser-oplevelser-vita\/forum-globalong-maroc-elisabeth-programme-humanitaire-soutien-femmes-berberes\/","name":"Marokko - Elisabeth - VITA Explorers Blog","isPartOf":{"@id":"https:\/\/www.vita-explorers.dk\/blog\/#website"},"primaryImageOfPage":{"@id":"https:\/\/www.vita-explorers.dk\/blog\/anmeldelser-oplevelser-vita\/forum-globalong-maroc-elisabeth-programme-humanitaire-soutien-femmes-berberes\/#primaryimage"},"image":{"@id":"https:\/\/www.vita-explorers.dk\/blog\/anmeldelser-oplevelser-vita\/forum-globalong-maroc-elisabeth-programme-humanitaire-soutien-femmes-berberes\/#primaryimage"},"thumbnailUrl":"https:\/\/www.vita-explorers.dk\/blog\/wp-content\/uploads\/2018\/04\/P_20171223_093907-min.jpg","datePublished":"2018-04-05T11:58:40+00:00","dateModified":"2022-05-06T08:37:22+00:00","breadcrumb":{"@id":"https:\/\/www.vita-explorers.dk\/blog\/anmeldelser-oplevelser-vita\/forum-globalong-maroc-elisabeth-programme-humanitaire-soutien-femmes-berberes\/#breadcrumb"},"inLanguage":"da-DK","potentialAction":[{"@type":"ReadAction","target":["https:\/\/www.vita-explorers.dk\/blog\/anmeldelser-oplevelser-vita\/forum-globalong-maroc-elisabeth-programme-humanitaire-soutien-femmes-berberes\/"]}]},{"@type":"ImageObject","inLanguage":"da-DK","@id":"https:\/\/www.vita-explorers.dk\/blog\/anmeldelser-oplevelser-vita\/forum-globalong-maroc-elisabeth-programme-humanitaire-soutien-femmes-berberes\/#primaryimage","url":"https:\/\/www.vita-explorers.dk\/blog\/wp-content\/uploads\/2018\/04\/P_20171223_093907-min.jpg","contentUrl":"https:\/\/www.vita-explorers.dk\/blog\/wp-content\/uploads\/2018\/04\/P_20171223_093907-min.jpg","width":2304,"height":4096},{"@type":"BreadcrumbList","@id":"https:\/\/www.vita-explorers.dk\/blog\/anmeldelser-oplevelser-vita\/forum-globalong-maroc-elisabeth-programme-humanitaire-soutien-femmes-berberes\/#breadcrumb","itemListElement":[{"@type":"ListItem","position":1,"name":"Accueil","item":"https:\/\/www.vita-explorers.dk\/blog\/"},{"@type":"ListItem","position":2,"name":"Kritiske erfaringer og anmeldelser fra deltagere","item":"https:\/\/www.vita-explorers.dk\/blog\/anmeldelser-oplevelser-vita\/"},{"@type":"ListItem","position":3,"name":"Marokko &#8211; Elisabeth"}]},{"@type":"WebSite","@id":"https:\/\/www.vita-explorers.dk\/blog\/#website","url":"https:\/\/www.vita-explorers.dk\/blog\/","name":"Association Globalong","description":"Frivilligt arbejde, sprogophold, praktik i udlandet og internationale oplevelser","publisher":{"@id":"https:\/\/www.vita-explorers.dk\/blog\/#organization"},"potentialAction":[{"@type":"SearchAction","target":{"@type":"EntryPoint","urlTemplate":"https:\/\/www.vita-explorers.dk\/blog\/?s={search_term_string}"},"query-input":{"@type":"PropertyValueSpecification","valueRequired":true,"valueName":"search_term_string"}}],"inLanguage":"da-DK"},{"@type":"Organization","@id":"https:\/\/www.vita-explorers.dk\/blog\/#organization","name":"Association Globalong","url":"https:\/\/www.vita-explorers.dk\/blog\/","logo":{"@type":"ImageObject","inLanguage":"da-DK","@id":"https:\/\/www.vita-explorers.dk\/blog\/#\/schema\/logo\/image\/","url":"https:\/\/www.globalong.com\/blog\/wp-content\/uploads\/2014\/11\/cropped-cropped-Logo-et-Afrique-Globalong-petite-taille-2.jpg","contentUrl":"https:\/\/www.globalong.com\/blog\/wp-content\/uploads\/2014\/11\/cropped-cropped-Logo-et-Afrique-Globalong-petite-taille-2.jpg","width":512,"height":512,"caption":"Association Globalong"},"image":{"@id":"https:\/\/www.vita-explorers.dk\/blog\/#\/schema\/logo\/image\/"},"sameAs":["https:\/\/www.facebook.com\/globalong"]}]}},"_links":{"self":[{"href":"https:\/\/www.vita-explorers.dk\/blog\/wp-json\/wp\/v2\/pages\/9379"}],"collection":[{"href":"https:\/\/www.vita-explorers.dk\/blog\/wp-json\/wp\/v2\/pages"}],"about":[{"href":"https:\/\/www.vita-explorers.dk\/blog\/wp-json\/wp\/v2\/types\/page"}],"author":[{"embeddable":true,"href":"https:\/\/www.vita-explorers.dk\/blog\/wp-json\/wp\/v2\/users\/1"}],"replies":[{"embeddable":true,"href":"https:\/\/www.vita-explorers.dk\/blog\/wp-json\/wp\/v2\/comments?post=9379"}],"version-history":[{"count":14,"href":"https:\/\/www.vita-explorers.dk\/blog\/wp-json\/wp\/v2\/pages\/9379\/revisions"}],"predecessor-version":[{"id":14524,"href":"https:\/\/www.vita-explorers.dk\/blog\/wp-json\/wp\/v2\/pages\/9379\/revisions\/14524"}],"up":[{"embeddable":true,"href":"https:\/\/www.vita-explorers.dk\/blog\/wp-json\/wp\/v2\/pages\/883"}],"wp:featuredmedia":[{"embeddable":true,"href":"https:\/\/www.vita-explorers.dk\/blog\/wp-json\/wp\/v2\/media\/9381"}],"wp:attachment":[{"href":"https:\/\/www.vita-explorers.dk\/blog\/wp-json\/wp\/v2\/media?parent=9379"}],"curies":[{"name":"wp","href":"https:\/\/api.w.org\/{rel}","templated":true}]}}